{"id":679,"date":"2021-12-17T10:23:38","date_gmt":"2021-12-17T10:23:38","guid":{"rendered":"https:\/\/elrincondepancho.com\/?page_id=679"},"modified":"2025-07-15T09:50:26","modified_gmt":"2025-07-15T09:50:26","slug":"heim","status":"publish","type":"page","link":"https:\/\/elrincondepancho.com\/de\/","title":{"rendered":"Heim"},"content":{"rendered":"<p>[vc_row][vc_column]<div class=\"ult-spacer spacer-69f4005461106\" data-id=\"69f4005461106\" data-height=\"30\" data-height-mobile=\"30\" data-height-tab=\"30\" data-height-tab-portrait=\"30\" data-height-mobile-landscape=\"30\" style=\"clear:both;display:block;\"><\/div>[vc_widget_sidebar sidebar_id=&#8220;right_sidebar&#8220; el_id=&#8220;idiomas&#8220;][\/vc_column][\/vc_row][vc_row apcore_row_stretch_opt=&#8220;stretch_row_and_content&#8220;][vc_column][apress_heading sub_title=&#8220;El Rinc\u00f3n de Pancho bietet Ihnen im Zentrum von Los Cristianos eine Vielfalt an kanarischen und kastilischen Gerichten in einem gem\u00fctlichen Lokal mit freundlichem und aufmerksamem Service.&#8220; data_animation=&#8220;fadeInUp&#8220; data_delay=&#8220;300&#8243; enable_delimiter=&#8220;&#8220; style=&#8220;heading_style1&#8243; title_font_options=&#8220;tag:h2|font_size:50|line_height:60|letter_spacing:1&#8243; subtitle_font_options=&#8220;tag:div&#8220; heading_margin=&#8220;margin-bottom:30&#8243;]Einige unserer Gerichte[\/apress_heading]<div class=\"ult-spacer spacer-69f400546114c\" data-id=\"69f400546114c\" data-height=\"50\" data-height-mobile=\"50\" data-height-tab=\"50\" data-height-tab-portrait=\"50\" data-height-mobile-landscape=\"50\" style=\"clear:both;display:block;\"><\/div>[vc_masonry_media_grid element_width=&#8220;3&#8243; gap=&#8220;0&#8243; initial_loading_animation=&#8220;fadeIn&#8220; grid_id=&#8220;vc_gid:1687527749182-a47aac59-4140-1&#8243; include=&#8220;892,820,928,1294&#8243; el_id=&#8220;bloqueImg&#8220;][\/vc_column][\/vc_row][vc_row equal_height=&#8220;yes&#8220; content_placement=&#8220;middle&#8220; disable_element=&#8220;yes&#8220; css=&#8220;.vc_custom_1640299949768{padding-top: 70px !important;padding-bottom: 120px !important;}&#8220;][vc_column width=&#8220;1\/2&#8243;][apress_heading sub_title=&#8220;Tasca abierta abierta desde el 2014. Nuestra propuesta son unos platos en los que ponemos el m\u00e1ximo cari\u00f1o, una atenci\u00f3n personalizada y al mejor precio.&#8220; content_alignment=&#8220;left&#8220; enable_delimiter=&#8220;&#8220; style=&#8220;heading_style1&#8243; title_font_options=&#8220;tag:h2|font_size:50|line_height:60|letter_spacing:1&#8243; subtitle_font_options=&#8220;tag:div&#8220; heading_margin=&#8220;margin-bottom:30&#8243;]Tasca en el centro de Los Cristianos[\/apress_heading][\/vc_column][vc_column css_animation=&#8220;fadeInDown&#8220; width=&#8220;1\/4&#8243; css=&#8220;.vc_custom_1506076502753{margin-top: -20px !important;background-position: center !important;background-repeat: no-repeat !important;background-size: cover !important;}&#8220;][vc_single_image image=&#8220;285&#8243; img_size=&#8220;full&#8220; style=&#8220;vc_box_shadow&#8220; onclick=&#8220;link_image&#8220;][\/vc_column][vc_column css_animation=&#8220;fadeInUp&#8220; width=&#8220;1\/4&#8243; css=&#8220;.vc_custom_1506076509962{margin-bottom: -20px !important;background-position: center !important;background-repeat: no-repeat !important;background-size: cover !important;}&#8220;][vc_single_image image=&#8220;293&#8243; img_size=&#8220;full&#8220; style=&#8220;vc_box_shadow&#8220; onclick=&#8220;link_image&#8220;][\/vc_column][\/vc_row][vc_row equal_height=&#8220;yes&#8220; content_placement=&#8220;middle&#8220; bg_type=&#8220;image&#8220; parallax_style=&#8220;vcpb-vz-jquery&#8220; bg_image_new=&#8220;id^1023|url^https:\/\/elrincondepancho.com\/wp-content\/uploads\/2021\/12\/imagen.jpg|caption^null|alt^null|title^imagen|description^null&#8220; bg_image_repeat=&#8220;no-repeat&#8220; bg_override=&#8220;ex-full&#8220; css=&#8220;.vc_custom_1640299935386{padding-top: 100px !important;padding-bottom: 0px !important;}&#8220;][vc_column width=&#8220;1\/2&#8243;]<div class=\"ult-spacer spacer-69f4005461179\" data-id=\"69f4005461179\" data-height=\"150\" data-height-mobile=\"50\" data-height-tab=\"50\" data-height-tab-portrait=\"50\" data-height-mobile-landscape=\"50\" style=\"clear:both;display:block;\"><\/div>[apress_heading sub_title=&#8220;Ehrliche und k\u00f6stliche Gerichte f\u00fcr alle Geschm\u00e4cker. Wir helfen Ihnen bei der Auswahl der verschiedenen Gerichte auf der Speisekarte, damit Sie das finden, was Ihnen am besten schmeckt. Geben Sie sich nicht mit einem einzigen Gericht zufrieden, Tapas und Gerichte zum Teilen sind die beste Wahl!&#8220; content_alignment=&#8220;left&#8220; data_animation=&#8220;fadeInUp&#8220; data_delay=&#8220;300&#8243; enable_delimiter=&#8220;&#8220; style=&#8220;heading_style1&#8243; title_font_options=&#8220;tag:h2|font_size:50|line_height:60|letter_spacing:1&#8243; subtitle_font_options=&#8220;tag:div|color:%23ffffff&#8220; heading_margin=&#8220;margin-bottom:30&#8243;]Unser Motto: die beste Qualit\u00e4t zum besten Preis.[\/apress_heading]<div class=\"ult-spacer spacer-69f400546119e\" data-id=\"69f400546119e\" data-height=\"150\" data-height-mobile=\"0\" data-height-tab=\"50\" data-height-tab-portrait=\"0\" data-height-mobile-landscape=\"0\" style=\"clear:both;display:block;\"><\/div>[\/vc_column][vc_column width=&#8220;1\/2&#8243; css=&#8220;.vc_custom_1506078330389{margin-bottom: 0px !important;padding-bottom: 0px !important;}&#8220;]<div class=\"ult-spacer spacer-69f40054611c1\" data-id=\"69f40054611c1\" data-height=\"150\" data-height-mobile=\"50\" data-height-tab=\"50\" data-height-tab-portrait=\"50\" data-height-mobile-landscape=\"50\" style=\"clear:both;display:block;\"><\/div>[apress_button button_text=&#8220;UNSER MEN\u00dc SEHEN&#8220; button_size=&#8220;medium&#8220; button_alignment=&#8220;center&#8220; button_shape=&#8220;square&#8220; button_link=&#8220;url:https%3A%2F%2Felrincondepancho.com%2Fde%2Fmenu%2F|title:Menu&#8220;]<div class=\"ult-spacer spacer-69f40054611e4\" data-id=\"69f40054611e4\" data-height=\"150\" data-height-mobile=\"50\" data-height-tab=\"50\" data-height-tab-portrait=\"50\" data-height-mobile-landscape=\"50\" style=\"clear:both;display:block;\"><\/div>[\/vc_column][\/vc_row][vc_row][vc_column]<div class=\"ult-spacer spacer-69f4005461204\" data-id=\"69f4005461204\" data-height=\"150\" data-height-mobile=\"50\" data-height-tab=\"50\" data-height-tab-portrait=\"50\" data-height-mobile-landscape=\"50\" style=\"clear:both;display:block;\"><\/div>[apress_heading sub_title=&#8220;Seit Oktober 2014 ge\u00f6ffnetes Familienunternehmen, in dem der Service ein wesentlicher Bestandteil der Erfahrung ist. Das gesamte Team gibt sich die gr\u00f6\u00dfte M\u00fche und Professionalit\u00e4t, um Ihren Besuch zu etwas Besonderem zu machen.&#8220; data_animation=&#8220;fadeInUp&#8220; data_delay=&#8220;300&#8243; enable_delimiter=&#8220;&#8220; style=&#8220;heading_style1&#8243; title_font_options=&#8220;tag:h2|font_size:50|line_height:60|letter_spacing:1&#8243; subtitle_font_options=&#8220;tag:div&#8220; heading_margin=&#8220;margin-bottom:30&#8243;]Familienunternehmen[\/apress_heading]<div class=\"ult-spacer spacer-69f4005461225\" data-id=\"69f4005461225\" data-height=\"20\" data-height-mobile=\"20\" data-height-tab=\"20\" data-height-tab-portrait=\"20\" data-height-mobile-landscape=\"20\" style=\"clear:both;display:block;\"><\/div>[vc_single_image image=&#8220;1262&#8243; img_size=&#8220;450x450px&#8220; alignment=&#8220;center&#8220;][\/vc_column][\/vc_row][vc_row el_id=&#8220;contacto&#8220;][vc_column]<div class=\"ult-spacer spacer-69f4005461244\" data-id=\"69f4005461244\" data-height=\"150\" data-height-mobile=\"50\" data-height-tab=\"50\" data-height-tab-portrait=\"50\" data-height-mobile-landscape=\"50\" style=\"clear:both;display:block;\"><\/div>[apress_heading sub_title=&#8220;Kontaktieren Sie uns per Telefon, E-Mail, \u00fcber soziale Netzwerke oder besuchen Sie uns.&#8220; data_animation=&#8220;fadeInUp&#8220; data_delay=&#8220;300&#8243; enable_delimiter=&#8220;&#8220; style=&#8220;heading_style1&#8243; title_font_options=&#8220;tag:h2|font_size:50|line_height:60|letter_spacing:1&#8243; subtitle_font_options=&#8220;tag:div&#8220; heading_margin=&#8220;margin-bottom:30&#8243;]Kontakt \/ Buchung[\/apress_heading]<div class=\"ult-spacer spacer-69f4005461264\" data-id=\"69f4005461264\" data-height=\"50\" data-height-mobile=\"50\" data-height-tab=\"50\" data-height-tab-portrait=\"50\" data-height-mobile-landscape=\"50\" style=\"clear:both;display:block;\"><\/div>[vc_row_inner][vc_column_inner width=&#8220;1\/4&#8243;][vc_icon icon_fontawesome=&#8220;fas fa-phone&#8220; color=&#8220;custom&#8220; size=&#8220;lg&#8220; align=&#8220;center&#8220; custom_color=&#8220;#000000&#8243; link=&#8220;url:tel%3A%2B34922787393&#8243;][vc_column_text]<\/p>\n<p style=\"text-align: center;\"><a style=\"font-size: 28px;\" href=\"tel:+34922787393\">922 78 73 93<\/a><\/p>\n<p>[\/vc_column_text][vc_column_text]<\/p>\n<p style=\"text-align: center;\"><strong>Buchungszeiten von 13:00 bis 22:30 Uhr von Dienstag bis Samstag.<\/strong><\/p>\n<p>[\/vc_column_text][\/vc_column_inner][vc_column_inner width=&#8220;1\/4&#8243;][vc_icon icon_fontawesome=&#8220;fas fa-map-marked-alt&#8220; color=&#8220;custom&#8220; size=&#8220;lg&#8220; align=&#8220;center&#8220; custom_color=&#8220;#000000&#8243; link=&#8220;url:https%3A%2F%2Fwww.google.com%2Fmaps%2Fdir%2F%2FC.%2Bdel%2BValle%2BMen%25C3%25A9ndez%2C%2B20%2C%2B38650%2BLos%2BCristianos%2C%2BSanta%2BCruz%2Bde%2BTenerife%2F%4028.0518275%2C-16.7183965%2C17z%2Fdata%3D!4m8!4m7!1m0!1m5!1m1!1s0xc6a982c9496aaab%3A0x47ce9d079c156949!2m2!1d-16.7162078!2d28.0518228&#8243;][vc_column_text]<\/p>\n<p class=\"zolo_gradient_icon_title\" style=\"text-align: center;\"><a href=\"https:\/\/www.google.com\/maps\/dir\/\/C.+del+Valle+Men%C3%A9ndez,+20,+38650+Los+Cristianos,+Santa+Cruz+de+Tenerife\/@28.0518275,-16.7183965,17z\/data=!4m8!4m7!1m0!1m5!1m1!1s0xc6a982c9496aaab:0x47ce9d079c156949!2m2!1d-16.7162078!2d28.0518228\" target=\"_blank\" rel=\"noopener\">C. del Valle Men\u00e9ndez, 20, 38650 Los Cristianos, Santa Cruz de Tenerife<\/a><\/p>\n<p>[\/vc_column_text][\/vc_column_inner][vc_column_inner width=&#8220;1\/4&#8243;][vc_icon icon_fontawesome=&#8220;far fa-envelope&#8220; color=&#8220;custom&#8220; size=&#8220;lg&#8220; align=&#8220;center&#8220; custom_color=&#8220;#000000&#8243; link=&#8220;url:mailto%3Ainfo%40elrincondepancho.com&#8220;][vc_column_text]<\/p>\n<p class=\"zolo_gradient_icon_title\" style=\"text-align: center;\"><a href=\"mailto:info@elrincondepancho.com\" target=\"_blank\" rel=\"noopener\">info@elrincondepancho.com<\/a><\/p>\n<p style=\"text-align: center;\"><small><em><strong>Reservierungen per E-Mail m\u00fcssen 24 Stunden im Voraus vorgenommen werden.<\/strong><\/em><\/small><\/p>\n<p>[\/vc_column_text][\/vc_column_inner][vc_column_inner width=&#8220;1\/4&#8243;][vc_icon icon_fontawesome=&#8220;fab fa-facebook&#8220; color=&#8220;custom&#8220; size=&#8220;lg&#8220; align=&#8220;center&#8220; custom_color=&#8220;#000000&#8243; link=&#8220;url:https%3A%2F%2Fwww.facebook.com%2FTascaElRinconDePancho|target:_blank&#8220; el_class=&#8220;socialHome&#8220;][vc_icon icon_fontawesome=&#8220;fab fa-instagram&#8220; color=&#8220;custom&#8220; size=&#8220;lg&#8220; align=&#8220;center&#8220; custom_color=&#8220;#000000&#8243; link=&#8220;url:https%3A%2F%2Fwww.instagram.com%2Ftascaelrincondepancho%2F|target:_blank&#8220; el_class=&#8220;socialHome&#8220;][vc_icon icon_fontawesome=&#8220;far fa-comment-dots&#8220; color=&#8220;custom&#8220; size=&#8220;lg&#8220; align=&#8220;center&#8220; custom_color=&#8220;#000000&#8243; link=&#8220;url:https%3A%2F%2Fmsng.link%2Fo%2F%3FTascaElRinconDePancho%3Dfm|target:_blank&#8220; el_class=&#8220;socialHome&#8220;][vc_column_text]<\/p>\n<p style=\"text-align: center;\"><a href=\"#\">Folgen Sie uns auf den sozialen Medien!<\/a><\/p>\n<p>[\/vc_column_text][\/vc_column_inner][\/vc_row_inner]<div class=\"ult-spacer spacer-69f4005461287\" data-id=\"69f4005461287\" data-height=\"150\" data-height-mobile=\"50\" data-height-tab=\"50\" data-height-tab-portrait=\"50\" data-height-mobile-landscape=\"50\" style=\"clear:both;display:block;\"><\/div>[\/vc_column][\/vc_row][vc_row apcore_row_stretch_opt=&#8220;stretch_row_and_content&#8220;][vc_column][vc_raw_html]JTNDaWZyYW1lJTIwc3JjJTNEJTIyaHR0cHMlM0ElMkYlMkZ3d3cuZ29vZ2xlLmNvbSUyRm1hcHMlMkZlbWJlZCUzRnBiJTNEJTIxMW0xNCUyMTFtOCUyMTFtMyUyMTFkMTQwODQuNDE1NjY4MDAwNDAzJTIxMmQtMTYuNzE2MDI4OCUyMTNkMjguMDUxODUxNSUyMTNtMiUyMTFpMTAyNCUyMTJpNzY4JTIxNGYxMy4xJTIxM20zJTIxMW0yJTIxMXMweDAlMjUzQTB4Y2ZlOTJkOWFjOWI1NmFkMiUyMTJzRWwlMjUyMFJpbmMlMjVDMyUyNUIzbiUyNTIwZGUlMjUyMFBhbmNobyUyMTVlMCUyMTNtMiUyMTFzZXMlMjEyc2VzJTIxNHYxNjM5NTcwMDM1MDg1JTIxNW0yJTIxMXNlcyUyMTJzZXMlMjIlMjB3aWR0aCUzRCUyMjEwMCUyNSUyMiUyMGhlaWdodCUzRCUyMjM1MCUyMiUyMHN0eWxlJTNEJTIyYm9yZGVyJTNBMCUzQiUyMiUyMGFsbG93ZnVsbHNjcmVlbiUzRCUyMiUyMiUyMGxvYWRpbmclM0QlMjJsYXp5JTIyJTNFJTNDJTJGaWZyYW1lJTNF[\/vc_raw_html][\/vc_column][\/vc_row][vc_row apcore_row_stretch_opt=&#8220;stretch_row_and_content&#8220;][vc_column]<div class=\"ult-spacer spacer-69f40054612a6\" data-id=\"69f40054612a6\" data-height=\"150\" data-height-mobile=\"50\" data-height-tab=\"50\" data-height-tab-portrait=\"50\" data-height-mobile-landscape=\"50\" style=\"clear:both;display:block;\"><\/div>[apress_heading sub_title=&#8220;@tascaelrincondepancho&#8220; data_animation=&#8220;fadeInUp&#8220; data_delay=&#8220;300&#8243; delimiter_line_height=&#8220;3&#8243; delimiter_line_width=&#8220;80&#8243; style=&#8220;heading_style1&#8243; title_font_options=&#8220;tag:h2|font_size:50|line_height:60|letter_spacing:1&#8243; subtitle_font_options=&#8220;tag:div&#8220; heading_margin=&#8220;margin-bottom:30&#8243;]Folgen Sie uns auf Instagram[\/apress_heading]<div class=\"ult-spacer spacer-69f40054612c5\" data-id=\"69f40054612c5\" data-height=\"50\" data-height-mobile=\"50\" data-height-tab=\"50\" data-height-tab-portrait=\"50\" data-height-mobile-landscape=\"50\" style=\"clear:both;display:block;\"><\/div>[vc_raw_html]JTVCaW5zdGFncmFtLWZlZWQlMjBmZWVkJTNEMiU1RA==[\/vc_raw_html][\/vc_column][\/vc_row]<\/p>\n","protected":false},"excerpt":{"rendered":"<p>[vc_row][vc_column][vc_widget_sidebar sidebar_id=&#8220;right_sidebar&#8220; el_id=&#8220;idiomas&#8220;][\/vc_column][\/vc_row][vc_row apcore_row_stretch_opt=&#8220;stretch_row_and_content&#8220;][vc_column][apress_heading sub_title=&#8220;El Rinc\u00f3n de Pancho bietet Ihnen im Zentrum von Los Cristianos eine Vielfalt an kanarischen und kastilischen Gerichten in einem gem\u00fctlichen Lokal mit freundlichem und aufmerksamem Service.&#8220; data_animation=&#8220;fadeInUp&#8220; data_delay=&#8220;300&#8243; enable_delimiter=&#8220;&#8220; style=&#8220;heading_style1&#8243; title_font_options=&#8220;tag:h2|font_size:50|line_height:60|letter_spacing:1&#8243; subtitle_font_options=&#8220;tag:div&#8220; heading_margin=&#8220;margin-bottom:30&#8243;]Einige unserer Gerichte[\/apress_heading][vc_masonry_media_grid<span class=\"read_more_area\"><a class=\"read-more\" href=\"https:\/\/elrincondepancho.com\/de\/\"> Continue Reading <\/a><\/span><\/p>\n","protected":false},"author":1,"featured_media":1282,"parent":0,"menu_order":0,"comment_status":"closed","ping_status":"open","template":"template-fullwidth-page.php","meta":{"footnotes":""},"class_list":["post-679","page","type-page","status-publish","has-post-thumbnail","hentry"],"yoast_head":"<!-- This site is optimized with the Yoast SEO Premium plugin v26.2 (Yoast SEO v26.2) - https:\/\/yoast.com\/wordpress\/plugins\/seo\/ -->\n<title>Kanarische Gerichte und Tapas auf Teneriffa | El Rinc\u00f3n de Pancho<\/title>\n<meta name=\"description\" content=\"Genie\u00dfen Sie k\u00f6stliche Tapas auf Teneriffa und Gerichte zum Teilen, perfekt f\u00fcr jeden Geschmack. Restaurant in Los Cristianos\" \/>\n<meta name=\"robots\" content=\"index, follow, max-snippet:-1, max-image-preview:large, max-video-preview:-1\" \/>\n<link rel=\"canonical\" href=\"https:\/\/elrincondepancho.com\/de\/\" \/>\n<meta property=\"og:locale\" content=\"de_DE\" \/>\n<meta property=\"og:type\" content=\"article\" \/>\n<meta property=\"og:title\" content=\"Heim\" \/>\n<meta property=\"og:description\" content=\"Genie\u00dfen Sie k\u00f6stliche Tapas auf Teneriffa und Gerichte zum Teilen, perfekt f\u00fcr jeden Geschmack. Restaurant in Los Cristianos\" \/>\n<meta property=\"og:url\" content=\"https:\/\/elrincondepancho.com\/de\/\" \/>\n<meta property=\"og:site_name\" content=\"El Rinc\u00f3n de Pancho\" \/>\n<meta property=\"article:modified_time\" content=\"2025-07-15T09:50:26+00:00\" \/>\n<meta property=\"og:image\" content=\"https:\/\/elrincondepancho.com\/wp-content\/uploads\/2021\/12\/elrincondepancho512.png\" \/>\n\t<meta property=\"og:image:width\" content=\"512\" \/>\n\t<meta property=\"og:image:height\" content=\"512\" \/>\n\t<meta property=\"og:image:type\" content=\"image\/png\" \/>\n<meta name=\"twitter:card\" content=\"summary_large_image\" \/>\n<meta name=\"twitter:label1\" content=\"Gesch\u00e4tzte Lesezeit\" \/>\n\t<meta name=\"twitter:data1\" content=\"4\u00a0Minuten\" \/>\n<script type=\"application\/ld+json\" class=\"yoast-schema-graph\">{\"@context\":\"https:\/\/schema.org\",\"@graph\":[{\"@type\":\"WebPage\",\"@id\":\"https:\/\/elrincondepancho.com\/de\/\",\"url\":\"https:\/\/elrincondepancho.com\/de\/\",\"name\":\"Kanarische Gerichte und Tapas auf Teneriffa | El Rinc\u00f3n de Pancho\",\"isPartOf\":{\"@id\":\"https:\/\/elrincondepancho.com\/#website\"},\"primaryImageOfPage\":{\"@id\":\"https:\/\/elrincondepancho.com\/de\/#primaryimage\"},\"image\":{\"@id\":\"https:\/\/elrincondepancho.com\/de\/#primaryimage\"},\"thumbnailUrl\":\"https:\/\/elrincondepancho.com\/wp-content\/uploads\/2021\/12\/elrincondepancho512.png\",\"datePublished\":\"2021-12-17T10:23:38+00:00\",\"dateModified\":\"2025-07-15T09:50:26+00:00\",\"description\":\"Genie\u00dfen Sie k\u00f6stliche Tapas auf Teneriffa und Gerichte zum Teilen, perfekt f\u00fcr jeden Geschmack. Restaurant in Los Cristianos\",\"breadcrumb\":{\"@id\":\"https:\/\/elrincondepancho.com\/de\/#breadcrumb\"},\"inLanguage\":\"de\",\"potentialAction\":[{\"@type\":\"ReadAction\",\"target\":[\"https:\/\/elrincondepancho.com\/de\/\"]}]},{\"@type\":\"ImageObject\",\"inLanguage\":\"de\",\"@id\":\"https:\/\/elrincondepancho.com\/de\/#primaryimage\",\"url\":\"https:\/\/elrincondepancho.com\/wp-content\/uploads\/2021\/12\/elrincondepancho512.png\",\"contentUrl\":\"https:\/\/elrincondepancho.com\/wp-content\/uploads\/2021\/12\/elrincondepancho512.png\",\"width\":512,\"height\":512,\"caption\":\"tapas en tenerife\"},{\"@type\":\"BreadcrumbList\",\"@id\":\"https:\/\/elrincondepancho.com\/de\/#breadcrumb\",\"itemListElement\":[{\"@type\":\"ListItem\",\"position\":1,\"name\":\"Portada\",\"item\":\"https:\/\/elrincondepancho.com\/de\/\"},{\"@type\":\"ListItem\",\"position\":2,\"name\":\"Heim\"}]},{\"@type\":\"WebSite\",\"@id\":\"https:\/\/elrincondepancho.com\/#website\",\"url\":\"https:\/\/elrincondepancho.com\/\",\"name\":\"El Rinc\u00f3n de Pancho\",\"description\":\"Restaurante en Tenerife\",\"publisher\":{\"@id\":\"https:\/\/elrincondepancho.com\/#organization\"},\"potentialAction\":[{\"@type\":\"SearchAction\",\"target\":{\"@type\":\"EntryPoint\",\"urlTemplate\":\"https:\/\/elrincondepancho.com\/?s={search_term_string}\"},\"query-input\":{\"@type\":\"PropertyValueSpecification\",\"valueRequired\":true,\"valueName\":\"search_term_string\"}}],\"inLanguage\":\"de\"},{\"@type\":[\"Organization\",\"Place\",\"Restaurant\"],\"@id\":\"https:\/\/elrincondepancho.com\/#organization\",\"name\":\"El Rinc\u00f3n de Pancho\",\"url\":\"https:\/\/elrincondepancho.com\/\",\"logo\":{\"@id\":\"https:\/\/elrincondepancho.com\/de\/#local-main-organization-logo\"},\"image\":{\"@id\":\"https:\/\/elrincondepancho.com\/de\/#local-main-organization-logo\"},\"address\":{\"@id\":\"https:\/\/elrincondepancho.com\/de\/#local-main-place-address\"},\"geo\":{\"@type\":\"GeoCoordinates\",\"latitude\":\"28.0518515\",\"longitude\":\"-16.716028817\"},\"telephone\":[\"922 78 73 93\"],\"contactPoint\":{\"@type\":\"ContactPoint\",\"telephone\":\"922 78 73 93\",\"email\":\"info@elrincondepancho.com\"},\"openingHoursSpecification\":[{\"@type\":\"OpeningHoursSpecification\",\"dayOfWeek\":[\"Monday\",\"Tuesday\",\"Wednesday\",\"Thursday\",\"Friday\",\"Saturday\",\"Sunday\"],\"opens\":\"09:00\",\"closes\":\"17:00\"}],\"email\":\"info@elrincondepancho.com\",\"areaServed\":\"Los Cristianos, Tenerife\"},{\"@type\":\"PostalAddress\",\"@id\":\"https:\/\/elrincondepancho.com\/de\/#local-main-place-address\",\"streetAddress\":\"C. del Valle Men\u00e9ndez, 20, 38650 Los Cristianos, Santa Cruz de Tenerife\",\"addressLocality\":\"Los Cristianos\",\"postalCode\":\"38650\",\"addressRegion\":\"Santa Cruz de Tenerife\",\"addressCountry\":\"ES\"},{\"@type\":\"ImageObject\",\"inLanguage\":\"de\",\"@id\":\"https:\/\/elrincondepancho.com\/de\/#local-main-organization-logo\",\"url\":\"https:\/\/elrincondepancho.com\/wp-content\/uploads\/2021\/12\/elrincondepancho512.png\",\"contentUrl\":\"https:\/\/elrincondepancho.com\/wp-content\/uploads\/2021\/12\/elrincondepancho512.png\",\"width\":512,\"height\":512,\"caption\":\"El Rinc\u00f3n de Pancho\"}]}<\/script>\n<meta name=\"geo.placename\" content=\"Los Cristianos\" \/>\n<meta name=\"geo.position\" content=\"28.0518515;-16.716028817\" \/>\n<meta name=\"geo.region\" content=\"Spanien\" \/>\n<!-- \/ Yoast SEO Premium plugin. -->","yoast_head_json":{"title":"Kanarische Gerichte und Tapas auf Teneriffa | El Rinc\u00f3n de Pancho","description":"Genie\u00dfen Sie k\u00f6stliche Tapas auf Teneriffa und Gerichte zum Teilen, perfekt f\u00fcr jeden Geschmack. Restaurant in Los Cristianos","robots":{"index":"index","follow":"follow","max-snippet":"max-snippet:-1","max-image-preview":"max-image-preview:large","max-video-preview":"max-video-preview:-1"},"canonical":"https:\/\/elrincondepancho.com\/de\/","og_locale":"de_DE","og_type":"article","og_title":"Heim","og_description":"Genie\u00dfen Sie k\u00f6stliche Tapas auf Teneriffa und Gerichte zum Teilen, perfekt f\u00fcr jeden Geschmack. Restaurant in Los Cristianos","og_url":"https:\/\/elrincondepancho.com\/de\/","og_site_name":"El Rinc\u00f3n de Pancho","article_modified_time":"2025-07-15T09:50:26+00:00","og_image":[{"width":512,"height":512,"url":"https:\/\/elrincondepancho.com\/wp-content\/uploads\/2021\/12\/elrincondepancho512.png","type":"image\/png"}],"twitter_card":"summary_large_image","twitter_misc":{"Gesch\u00e4tzte Lesezeit":"4\u00a0Minuten"},"schema":{"@context":"https:\/\/schema.org","@graph":[{"@type":"WebPage","@id":"https:\/\/elrincondepancho.com\/de\/","url":"https:\/\/elrincondepancho.com\/de\/","name":"Kanarische Gerichte und Tapas auf Teneriffa | El Rinc\u00f3n de Pancho","isPartOf":{"@id":"https:\/\/elrincondepancho.com\/#website"},"primaryImageOfPage":{"@id":"https:\/\/elrincondepancho.com\/de\/#primaryimage"},"image":{"@id":"https:\/\/elrincondepancho.com\/de\/#primaryimage"},"thumbnailUrl":"https:\/\/elrincondepancho.com\/wp-content\/uploads\/2021\/12\/elrincondepancho512.png","datePublished":"2021-12-17T10:23:38+00:00","dateModified":"2025-07-15T09:50:26+00:00","description":"Genie\u00dfen Sie k\u00f6stliche Tapas auf Teneriffa und Gerichte zum Teilen, perfekt f\u00fcr jeden Geschmack. Restaurant in Los Cristianos","breadcrumb":{"@id":"https:\/\/elrincondepancho.com\/de\/#breadcrumb"},"inLanguage":"de","potentialAction":[{"@type":"ReadAction","target":["https:\/\/elrincondepancho.com\/de\/"]}]},{"@type":"ImageObject","inLanguage":"de","@id":"https:\/\/elrincondepancho.com\/de\/#primaryimage","url":"https:\/\/elrincondepancho.com\/wp-content\/uploads\/2021\/12\/elrincondepancho512.png","contentUrl":"https:\/\/elrincondepancho.com\/wp-content\/uploads\/2021\/12\/elrincondepancho512.png","width":512,"height":512,"caption":"tapas en tenerife"},{"@type":"BreadcrumbList","@id":"https:\/\/elrincondepancho.com\/de\/#breadcrumb","itemListElement":[{"@type":"ListItem","position":1,"name":"Portada","item":"https:\/\/elrincondepancho.com\/de\/"},{"@type":"ListItem","position":2,"name":"Heim"}]},{"@type":"WebSite","@id":"https:\/\/elrincondepancho.com\/#website","url":"https:\/\/elrincondepancho.com\/","name":"El Rinc\u00f3n de Pancho","description":"Restaurante en Tenerife","publisher":{"@id":"https:\/\/elrincondepancho.com\/#organization"},"potentialAction":[{"@type":"SearchAction","target":{"@type":"EntryPoint","urlTemplate":"https:\/\/elrincondepancho.com\/?s={search_term_string}"},"query-input":{"@type":"PropertyValueSpecification","valueRequired":true,"valueName":"search_term_string"}}],"inLanguage":"de"},{"@type":["Organization","Place","Restaurant"],"@id":"https:\/\/elrincondepancho.com\/#organization","name":"El Rinc\u00f3n de Pancho","url":"https:\/\/elrincondepancho.com\/","logo":{"@id":"https:\/\/elrincondepancho.com\/de\/#local-main-organization-logo"},"image":{"@id":"https:\/\/elrincondepancho.com\/de\/#local-main-organization-logo"},"address":{"@id":"https:\/\/elrincondepancho.com\/de\/#local-main-place-address"},"geo":{"@type":"GeoCoordinates","latitude":"28.0518515","longitude":"-16.716028817"},"telephone":["922 78 73 93"],"contactPoint":{"@type":"ContactPoint","telephone":"922 78 73 93","email":"info@elrincondepancho.com"},"openingHoursSpecification":[{"@type":"OpeningHoursSpecification","dayOfWeek":["Monday","Tuesday","Wednesday","Thursday","Friday","Saturday","Sunday"],"opens":"09:00","closes":"17:00"}],"email":"info@elrincondepancho.com","areaServed":"Los Cristianos, Tenerife"},{"@type":"PostalAddress","@id":"https:\/\/elrincondepancho.com\/de\/#local-main-place-address","streetAddress":"C. del Valle Men\u00e9ndez, 20, 38650 Los Cristianos, Santa Cruz de Tenerife","addressLocality":"Los Cristianos","postalCode":"38650","addressRegion":"Santa Cruz de Tenerife","addressCountry":"ES"},{"@type":"ImageObject","inLanguage":"de","@id":"https:\/\/elrincondepancho.com\/de\/#local-main-organization-logo","url":"https:\/\/elrincondepancho.com\/wp-content\/uploads\/2021\/12\/elrincondepancho512.png","contentUrl":"https:\/\/elrincondepancho.com\/wp-content\/uploads\/2021\/12\/elrincondepancho512.png","width":512,"height":512,"caption":"El Rinc\u00f3n de Pancho"}]},"geo.placename":"Los Cristianos","geo.position":{"lat":"28.0518515","long":"-16.716028817"},"geo.region":"Spanien"},"_links":{"self":[{"href":"https:\/\/elrincondepancho.com\/de\/wp-json\/wp\/v2\/pages\/679","targetHints":{"allow":["GET"]}}],"collection":[{"href":"https:\/\/elrincondepancho.com\/de\/wp-json\/wp\/v2\/pages"}],"about":[{"href":"https:\/\/elrincondepancho.com\/de\/wp-json\/wp\/v2\/types\/page"}],"author":[{"embeddable":true,"href":"https:\/\/elrincondepancho.com\/de\/wp-json\/wp\/v2\/users\/1"}],"replies":[{"embeddable":true,"href":"https:\/\/elrincondepancho.com\/de\/wp-json\/wp\/v2\/comments?post=679"}],"version-history":[{"count":1,"href":"https:\/\/elrincondepancho.com\/de\/wp-json\/wp\/v2\/pages\/679\/revisions"}],"predecessor-version":[{"id":1398,"href":"https:\/\/elrincondepancho.com\/de\/wp-json\/wp\/v2\/pages\/679\/revisions\/1398"}],"wp:featuredmedia":[{"embeddable":true,"href":"https:\/\/elrincondepancho.com\/de\/wp-json\/wp\/v2\/media\/1282"}],"wp:attachment":[{"href":"https:\/\/elrincondepancho.com\/de\/wp-json\/wp\/v2\/media?parent=679"}],"curies":[{"name":"wp","href":"https:\/\/api.w.org\/{rel}","templated":true}]}}