{"id":691,"date":"2021-12-17T11:20:07","date_gmt":"2021-12-17T11:20:07","guid":{"rendered":"https:\/\/elrincondepancho.com\/?page_id=691"},"modified":"2024-12-18T14:46:45","modified_gmt":"2024-12-18T14:46:45","slug":"accueil","status":"publish","type":"page","link":"https:\/\/elrincondepancho.com\/fr\/","title":{"rendered":"Accueil"},"content":{"rendered":"<p>[vc_row][vc_column]<div class=\"ult-spacer spacer-69f411d0bf014\" data-id=\"69f411d0bf014\" data-height=\"30\" data-height-mobile=\"30\" data-height-tab=\"30\" data-height-tab-portrait=\"30\" data-height-mobile-landscape=\"30\" style=\"clear:both;display:block;\"><\/div>[vc_widget_sidebar sidebar_id=\u00a0\u00bbright_sidebar\u00a0\u00bb el_id=\u00a0\u00bbidiomas\u00a0\u00bb][\/vc_column][\/vc_row][vc_row apcore_row_stretch_opt=\u00a0\u00bbstretch_row_and_content\u00a0\u00bb][vc_column][apress_heading sub_title=\u00a0\u00bbEl Rinc\u00f3n de Pancho vous propose, dans le centre de Los Cristianos, une vari\u00e9t\u00e9 de plats et de tapas canariens et castillans \u00e0 T\u00e9n\u00e9rife, dans un endroit accueillant, avec un service amical et proche.\u00a0\u00bb data_animation=\u00a0\u00bbfadeInUp\u00a0\u00bb data_delay=\u00a0\u00bb300&Prime; enable_delimiter=\u00a0\u00bb\u00a0\u00bb style=\u00a0\u00bbheading_style1&Prime; title_font_options=\u00a0\u00bbtag:h2|font_size:50|line_height:60|letter_spacing:1&Prime; subtitle_font_options=\u00a0\u00bbtag:div\u00a0\u00bb heading_margin=\u00a0\u00bbmargin-bottom:30&Prime;]Quelques-uns de nos plats[\/apress_heading]<div class=\"ult-spacer spacer-69f411d0bf060\" data-id=\"69f411d0bf060\" data-height=\"50\" data-height-mobile=\"50\" data-height-tab=\"50\" data-height-tab-portrait=\"50\" data-height-mobile-landscape=\"50\" style=\"clear:both;display:block;\"><\/div>[vc_masonry_media_grid element_width=\u00a0\u00bb3&Prime; gap=\u00a0\u00bb0&Prime; initial_loading_animation=\u00a0\u00bbfadeIn\u00a0\u00bb grid_id=\u00a0\u00bbvc_gid:1734533024271-f4d17cbc-2c2b-1&Prime; include=\u00a0\u00bb892,820,928,1293&Prime; el_id=\u00a0\u00bbbloqueImg\u00a0\u00bb][\/vc_column][\/vc_row][vc_row equal_height=\u00a0\u00bbyes\u00a0\u00bb content_placement=\u00a0\u00bbmiddle\u00a0\u00bb disable_element=\u00a0\u00bbyes\u00a0\u00bb css=\u00a0\u00bb.vc_custom_1640299949768{padding-top: 70px !important;padding-bottom: 120px !important;}\u00a0\u00bb][vc_column width=\u00a0\u00bb1\/2&Prime;][apress_heading sub_title=\u00a0\u00bbTasca abierta abierta desde el 2014. Nuestra propuesta son unos platos en los que ponemos el m\u00e1ximo cari\u00f1o, una atenci\u00f3n personalizada y al mejor precio.\u00a0\u00bb content_alignment=\u00a0\u00bbleft\u00a0\u00bb enable_delimiter=\u00a0\u00bb\u00a0\u00bb style=\u00a0\u00bbheading_style1&Prime; title_font_options=\u00a0\u00bbtag:h2|font_size:50|line_height:60|letter_spacing:1&Prime; subtitle_font_options=\u00a0\u00bbtag:div\u00a0\u00bb heading_margin=\u00a0\u00bbmargin-bottom:30&Prime;]Tasca en el centro de Los Cristianos[\/apress_heading][\/vc_column][vc_column css_animation=\u00a0\u00bbfadeInDown\u00a0\u00bb width=\u00a0\u00bb1\/4&Prime; css=\u00a0\u00bb.vc_custom_1506076502753{margin-top: -20px !important;background-position: center !important;background-repeat: no-repeat !important;background-size: cover !important;}\u00a0\u00bb][vc_single_image image=\u00a0\u00bb285&Prime; img_size=\u00a0\u00bbfull\u00a0\u00bb style=\u00a0\u00bbvc_box_shadow\u00a0\u00bb onclick=\u00a0\u00bblink_image\u00a0\u00bb][\/vc_column][vc_column css_animation=\u00a0\u00bbfadeInUp\u00a0\u00bb width=\u00a0\u00bb1\/4&Prime; css=\u00a0\u00bb.vc_custom_1506076509962{margin-bottom: -20px !important;background-position: center !important;background-repeat: no-repeat !important;background-size: cover !important;}\u00a0\u00bb][vc_single_image image=\u00a0\u00bb293&Prime; img_size=\u00a0\u00bbfull\u00a0\u00bb style=\u00a0\u00bbvc_box_shadow\u00a0\u00bb onclick=\u00a0\u00bblink_image\u00a0\u00bb][\/vc_column][\/vc_row][vc_row equal_height=\u00a0\u00bbyes\u00a0\u00bb content_placement=\u00a0\u00bbmiddle\u00a0\u00bb bg_type=\u00a0\u00bbimage\u00a0\u00bb parallax_style=\u00a0\u00bbvcpb-vz-jquery\u00a0\u00bb bg_image_new=\u00a0\u00bbid^1023|url^https:\/\/elrincondepancho.com\/wp-content\/uploads\/2021\/12\/imagen.jpg|caption^null|alt^null|title^imagen|description^null\u00a0\u00bb bg_image_repeat=\u00a0\u00bbno-repeat\u00a0\u00bb bg_override=\u00a0\u00bbex-full\u00a0\u00bb css=\u00a0\u00bb.vc_custom_1640299935386{padding-top: 100px !important;padding-bottom: 0px !important;}\u00a0\u00bb][vc_column width=\u00a0\u00bb1\/2&Prime;]<div class=\"ult-spacer spacer-69f411d0bf08c\" data-id=\"69f411d0bf08c\" data-height=\"150\" data-height-mobile=\"50\" data-height-tab=\"50\" data-height-tab-portrait=\"50\" data-height-mobile-landscape=\"50\" style=\"clear:both;display:block;\"><\/div>[apress_heading sub_title=\u00a0\u00bbDes plats honn\u00eates et d\u00e9licieux pour tous les go\u00fbts. Nous vous aidons \u00e0 choisir parmi les diff\u00e9rents plats de la carte ceux qui vous plaisent le plus. Si vous recherchez une exp\u00e9rience authentique, vous ne pouvez pas manquer nos tapas \u00e0 T\u00e9n\u00e9rife, parfaites pour \u00eatre d\u00e9gust\u00e9es en bonne compagnie. Ne vous contentez pas d&rsquo;un seul plat, les tapas et les assiettes \u00e0 partager sont le meilleur choix !\u00a0\u00bb data_animation=\u00a0\u00bbfadeInUp\u00a0\u00bb data_delay=\u00a0\u00bb300&Prime; enable_delimiter=\u00a0\u00bb\u00a0\u00bb style=\u00a0\u00bbheading_style1&Prime; title_font_options=\u00a0\u00bbtag:h2|font_size:50|line_height:60|letter_spacing:1&Prime; subtitle_font_options=\u00a0\u00bbtag:div|color:%23ffffff\u00a0\u00bb heading_margin=\u00a0\u00bbmargin-bottom:30&Prime;]Notre devise : la meilleure qualit\u00e9 au meilleur prix.[\/apress_heading]<div class=\"ult-spacer spacer-69f411d0bf0b1\" data-id=\"69f411d0bf0b1\" data-height=\"150\" data-height-mobile=\"0\" data-height-tab=\"50\" data-height-tab-portrait=\"0\" data-height-mobile-landscape=\"0\" style=\"clear:both;display:block;\"><\/div>[\/vc_column][vc_column width=\u00a0\u00bb1\/2&Prime; css=\u00a0\u00bb.vc_custom_1506078330389{margin-bottom: 0px !important;padding-bottom: 0px !important;}\u00a0\u00bb]<div class=\"ult-spacer spacer-69f411d0bf0d2\" data-id=\"69f411d0bf0d2\" data-height=\"150\" data-height-mobile=\"50\" data-height-tab=\"50\" data-height-tab-portrait=\"50\" data-height-mobile-landscape=\"50\" style=\"clear:both;display:block;\"><\/div>[apress_button button_text=\u00a0\u00bbVOIR NOTRE MENU\u00a0\u00bb button_size=\u00a0\u00bbmedium\u00a0\u00bb button_alignment=\u00a0\u00bbcenter\u00a0\u00bb button_shape=\u00a0\u00bbsquare\u00a0\u00bb button_link=\u00a0\u00bburl:https%3A%2F%2Felrincondepancho.com%2Ffr%2Fmenu%2F|title:Menu\u00a0\u00bb]<div class=\"ult-spacer spacer-69f411d0bf0f2\" data-id=\"69f411d0bf0f2\" data-height=\"150\" data-height-mobile=\"50\" data-height-tab=\"50\" data-height-tab-portrait=\"50\" data-height-mobile-landscape=\"50\" style=\"clear:both;display:block;\"><\/div>[\/vc_column][\/vc_row][vc_row][vc_column]<div class=\"ult-spacer spacer-69f411d0bf112\" data-id=\"69f411d0bf112\" data-height=\"150\" data-height-mobile=\"50\" data-height-tab=\"50\" data-height-tab-portrait=\"50\" data-height-mobile-landscape=\"50\" style=\"clear:both;display:block;\"><\/div>[apress_heading sub_title=\u00a0\u00bbEntreprise familiale ouverte depuis octobre 2014 o\u00f9 le service est un \u00e9l\u00e9ment fondamental de l&rsquo;exp\u00e9rience. Toute l&rsquo;\u00e9quipe d\u00e9ploie le maximum d&rsquo;efforts et de professionnalisme pour rendre votre visite sp\u00e9ciale.\u00a0\u00bb data_animation=\u00a0\u00bbfadeInUp\u00a0\u00bb data_delay=\u00a0\u00bb300&Prime; enable_delimiter=\u00a0\u00bb\u00a0\u00bb style=\u00a0\u00bbheading_style1&Prime; title_font_options=\u00a0\u00bbtag:h2|font_size:50|line_height:60|letter_spacing:1&Prime; subtitle_font_options=\u00a0\u00bbtag:div\u00a0\u00bb heading_margin=\u00a0\u00bbmargin-bottom:30&Prime;]<\/p>\n<p style=\"text-align: center;\">Entreprise familiale<\/p>\n<p>[\/apress_heading]<div class=\"ult-spacer spacer-69f411d0bf131\" data-id=\"69f411d0bf131\" data-height=\"20\" data-height-mobile=\"20\" data-height-tab=\"20\" data-height-tab-portrait=\"20\" data-height-mobile-landscape=\"20\" style=\"clear:both;display:block;\"><\/div>[vc_single_image image=\u00a0\u00bb1261&Prime; img_size=\u00a0\u00bb450x450px\u00a0\u00bb alignment=\u00a0\u00bbcenter\u00a0\u00bb][\/vc_column][\/vc_row][vc_row el_id=\u00a0\u00bbcontacto\u00a0\u00bb][vc_column]<div class=\"ult-spacer spacer-69f411d0bf14f\" data-id=\"69f411d0bf14f\" data-height=\"150\" data-height-mobile=\"50\" data-height-tab=\"50\" data-height-tab-portrait=\"50\" data-height-mobile-landscape=\"50\" style=\"clear:both;display:block;\"><\/div>[apress_heading sub_title=\u00a0\u00bbContactez-nous par t\u00e9l\u00e9phone, par courriel, par les r\u00e9seaux sociaux ou venez nous rendre visite.\u00a0\u00bb data_animation=\u00a0\u00bbfadeInUp\u00a0\u00bb data_delay=\u00a0\u00bb300&Prime; enable_delimiter=\u00a0\u00bb\u00a0\u00bb style=\u00a0\u00bbheading_style1&Prime; title_font_options=\u00a0\u00bbtag:h2|font_size:50|line_height:60|letter_spacing:1&Prime; subtitle_font_options=\u00a0\u00bbtag:div\u00a0\u00bb heading_margin=\u00a0\u00bbmargin-bottom:30&Prime;]Contact \/ R\u00e9servation[\/apress_heading]<div class=\"ult-spacer spacer-69f411d0bf16c\" data-id=\"69f411d0bf16c\" data-height=\"50\" data-height-mobile=\"50\" data-height-tab=\"50\" data-height-tab-portrait=\"50\" data-height-mobile-landscape=\"50\" style=\"clear:both;display:block;\"><\/div>[vc_row_inner][vc_column_inner width=\u00a0\u00bb1\/4&Prime;][vc_icon icon_fontawesome=\u00a0\u00bbfas fa-phone\u00a0\u00bb color=\u00a0\u00bbcustom\u00a0\u00bb size=\u00a0\u00bblg\u00a0\u00bb align=\u00a0\u00bbcenter\u00a0\u00bb custom_color=\u00a0\u00bb#000000&Prime; link=\u00a0\u00bburl:tel%3A%2B34922787393&Prime;][vc_column_text]<\/p>\n<p style=\"text-align: center;\"><a style=\"font-size: 28px;\" href=\"tel:+34922787393\">922 78 73 93<\/a><\/p>\n<p>[\/vc_column_text][vc_column_text]<\/p>\n<p style=\"text-align: center;\"><strong>Horaires de r\u00e9servation de 13h00 \u00e0 22h30 du mardi au samedi.<\/strong><\/p>\n<p>[\/vc_column_text][\/vc_column_inner][vc_column_inner width=\u00a0\u00bb1\/4&Prime;][vc_icon icon_fontawesome=\u00a0\u00bbfas fa-map-marked-alt\u00a0\u00bb color=\u00a0\u00bbcustom\u00a0\u00bb size=\u00a0\u00bblg\u00a0\u00bb align=\u00a0\u00bbcenter\u00a0\u00bb custom_color=\u00a0\u00bb#000000&Prime; link=\u00a0\u00bburl:https%3A%2F%2Fwww.google.com%2Fmaps%2Fdir%2F%2FC.%2Bdel%2BValle%2BMen%25C3%25A9ndez%2C%2B20%2C%2B38650%2BLos%2BCristianos%2C%2BSanta%2BCruz%2Bde%2BTenerife%2F%4028.0518275%2C-16.7183965%2C17z%2Fdata%3D!4m8!4m7!1m0!1m5!1m1!1s0xc6a982c9496aaab%3A0x47ce9d079c156949!2m2!1d-16.7162078!2d28.0518228&Prime;][vc_column_text]<\/p>\n<p class=\"zolo_gradient_icon_title\" style=\"text-align: center;\"><a href=\"https:\/\/www.google.com\/maps\/dir\/\/C.+del+Valle+Men%C3%A9ndez,+20,+38650+Los+Cristianos,+Santa+Cruz+de+Tenerife\/@28.0518275,-16.7183965,17z\/data=!4m8!4m7!1m0!1m5!1m1!1s0xc6a982c9496aaab:0x47ce9d079c156949!2m2!1d-16.7162078!2d28.0518228\" target=\"_blank\" rel=\"noopener\">C. del Valle Men\u00e9ndez, 20, 38650 Los Cristianos, Santa Cruz de Tenerife<\/a><\/p>\n<p>[\/vc_column_text][\/vc_column_inner][vc_column_inner width=\u00a0\u00bb1\/4&Prime;][vc_icon icon_fontawesome=\u00a0\u00bbfar fa-envelope\u00a0\u00bb color=\u00a0\u00bbcustom\u00a0\u00bb size=\u00a0\u00bblg\u00a0\u00bb align=\u00a0\u00bbcenter\u00a0\u00bb custom_color=\u00a0\u00bb#000000&Prime; link=\u00a0\u00bburl:mailto%3Ainfo%40elrincondepancho.com\u00a0\u00bb][vc_column_text]<\/p>\n<p class=\"zolo_gradient_icon_title\" style=\"text-align: center;\"><a href=\"mailto:info@elrincondepancho.com\" target=\"_blank\" rel=\"noopener\">info@elrincondepancho.com<\/a><\/p>\n<p style=\"text-align: center;\"><small><em><strong>Les r\u00e9servations par e-mail doivent \u00eatre faites 24 heures \u00e0 l&rsquo;avance.<\/strong><\/em><\/small><\/p>\n<p>[\/vc_column_text][\/vc_column_inner][vc_column_inner width=\u00a0\u00bb1\/4&Prime;][vc_icon icon_fontawesome=\u00a0\u00bbfab fa-facebook\u00a0\u00bb color=\u00a0\u00bbcustom\u00a0\u00bb size=\u00a0\u00bblg\u00a0\u00bb align=\u00a0\u00bbcenter\u00a0\u00bb custom_color=\u00a0\u00bb#000000&Prime; link=\u00a0\u00bburl:https%3A%2F%2Fwww.facebook.com%2FTascaElRinconDePancho|target:_blank\u00a0\u00bb el_class=\u00a0\u00bbsocialHome\u00a0\u00bb][vc_icon icon_fontawesome=\u00a0\u00bbfab fa-instagram\u00a0\u00bb color=\u00a0\u00bbcustom\u00a0\u00bb size=\u00a0\u00bblg\u00a0\u00bb align=\u00a0\u00bbcenter\u00a0\u00bb custom_color=\u00a0\u00bb#000000&Prime; link=\u00a0\u00bburl:https%3A%2F%2Fwww.instagram.com%2Ftascaelrincondepancho%2F|target:_blank\u00a0\u00bb el_class=\u00a0\u00bbsocialHome\u00a0\u00bb][vc_icon icon_fontawesome=\u00a0\u00bbfar fa-comment-dots\u00a0\u00bb color=\u00a0\u00bbcustom\u00a0\u00bb size=\u00a0\u00bblg\u00a0\u00bb align=\u00a0\u00bbcenter\u00a0\u00bb custom_color=\u00a0\u00bb#000000&Prime; link=\u00a0\u00bburl:https%3A%2F%2Fmsng.link%2Fo%2F%3FTascaElRinconDePancho%3Dfm|target:_blank\u00a0\u00bb el_class=\u00a0\u00bbsocialHome\u00a0\u00bb][vc_column_text]<\/p>\n<p style=\"text-align: center;\"><a href=\"#\">Suivez-nous sur les m\u00e9dias sociaux !<\/a><\/p>\n<p>[\/vc_column_text][\/vc_column_inner][\/vc_row_inner]<div class=\"ult-spacer spacer-69f411d0bf189\" data-id=\"69f411d0bf189\" data-height=\"150\" data-height-mobile=\"50\" data-height-tab=\"50\" data-height-tab-portrait=\"50\" data-height-mobile-landscape=\"50\" style=\"clear:both;display:block;\"><\/div>[\/vc_column][\/vc_row][vc_row apcore_row_stretch_opt=\u00a0\u00bbstretch_row_and_content\u00a0\u00bb][vc_column][vc_raw_html]JTNDaWZyYW1lJTIwc3JjJTNEJTIyaHR0cHMlM0ElMkYlMkZ3d3cuZ29vZ2xlLmNvbSUyRm1hcHMlMkZlbWJlZCUzRnBiJTNEJTIxMW0xNCUyMTFtOCUyMTFtMyUyMTFkMTQwODQuNDE1NjY4MDAwNDAzJTIxMmQtMTYuNzE2MDI4OCUyMTNkMjguMDUxODUxNSUyMTNtMiUyMTFpMTAyNCUyMTJpNzY4JTIxNGYxMy4xJTIxM20zJTIxMW0yJTIxMXMweDAlMjUzQTB4Y2ZlOTJkOWFjOWI1NmFkMiUyMTJzRWwlMjUyMFJpbmMlMjVDMyUyNUIzbiUyNTIwZGUlMjUyMFBhbmNobyUyMTVlMCUyMTNtMiUyMTFzZXMlMjEyc2VzJTIxNHYxNjM5NTcwMDM1MDg1JTIxNW0yJTIxMXNlcyUyMTJzZXMlMjIlMjB3aWR0aCUzRCUyMjEwMCUyNSUyMiUyMGhlaWdodCUzRCUyMjM1MCUyMiUyMHN0eWxlJTNEJTIyYm9yZGVyJTNBMCUzQiUyMiUyMGFsbG93ZnVsbHNjcmVlbiUzRCUyMiUyMiUyMGxvYWRpbmclM0QlMjJsYXp5JTIyJTNFJTNDJTJGaWZyYW1lJTNF[\/vc_raw_html][\/vc_column][\/vc_row][vc_row apcore_row_stretch_opt=\u00a0\u00bbstretch_row_and_content\u00a0\u00bb][vc_column]<div class=\"ult-spacer spacer-69f411d0bf1a6\" data-id=\"69f411d0bf1a6\" data-height=\"150\" data-height-mobile=\"50\" data-height-tab=\"50\" data-height-tab-portrait=\"50\" data-height-mobile-landscape=\"50\" style=\"clear:both;display:block;\"><\/div>[apress_heading sub_title=\u00a0\u00bb@tascaelrincondepancho\u00a0\u00bb data_animation=\u00a0\u00bbfadeInUp\u00a0\u00bb data_delay=\u00a0\u00bb300&Prime; delimiter_line_height=\u00a0\u00bb3&Prime; delimiter_line_width=\u00a0\u00bb80&Prime; style=\u00a0\u00bbheading_style1&Prime; title_font_options=\u00a0\u00bbtag:h2|font_size:50|line_height:60|letter_spacing:1&Prime; subtitle_font_options=\u00a0\u00bbtag:div\u00a0\u00bb heading_margin=\u00a0\u00bbmargin-bottom:30&Prime;]Suivez-nous sur Instagram[\/apress_heading]<div class=\"ult-spacer spacer-69f411d0bf1c2\" data-id=\"69f411d0bf1c2\" data-height=\"50\" data-height-mobile=\"50\" data-height-tab=\"50\" data-height-tab-portrait=\"50\" data-height-mobile-landscape=\"50\" style=\"clear:both;display:block;\"><\/div>[vc_raw_html]JTVCaW5zdGFncmFtLWZlZWQlMjBmZWVkJTNEMiU1RA==[\/vc_raw_html][\/vc_column][\/vc_row]<\/p>\n","protected":false},"excerpt":{"rendered":"<p>[vc_row][vc_column][vc_widget_sidebar sidebar_id=\u00a0\u00bbright_sidebar\u00a0\u00bb el_id=\u00a0\u00bbidiomas\u00a0\u00bb][\/vc_column][\/vc_row][vc_row apcore_row_stretch_opt=\u00a0\u00bbstretch_row_and_content\u00a0\u00bb][vc_column][apress_heading sub_title=\u00a0\u00bbEl Rinc\u00f3n de Pancho vous propose, dans le centre de Los Cristianos, une vari\u00e9t\u00e9 de plats et de tapas canariens et castillans \u00e0 T\u00e9n\u00e9rife, dans un endroit accueillant, avec un service amical et proche.\u00a0\u00bb data_animation=\u00a0\u00bbfadeInUp\u00a0\u00bb data_delay=\u00a0\u00bb300&Prime;<span class=\"read_more_area\"><a class=\"read-more\" href=\"https:\/\/elrincondepancho.com\/fr\/\"> Continue Reading <\/a><\/span><\/p>\n","protected":false},"author":1,"featured_media":1281,"parent":0,"menu_order":0,"comment_status":"closed","ping_status":"open","template":"template-fullwidth-page.php","meta":{"footnotes":""},"class_list":["post-691","page","type-page","status-publish","has-post-thumbnail","hentry"],"yoast_head":"<!-- This site is optimized with the Yoast SEO Premium plugin v26.2 (Yoast SEO v26.2) - https:\/\/yoast.com\/wordpress\/plugins\/seo\/ -->\n<title>Plats et tapas canariens et castillans \u00e0 T\u00e9n\u00e9rife| El Rinc\u00f3n de Pancho<\/title>\n<meta name=\"description\" content=\"D\u00e9gustez de d\u00e9licieuses tapas \u00e0 T\u00e9n\u00e9rife et des plats \u00e0 partager, parfaits pour tous les go\u00fbts, ne manquez pas les meilleures tapas !\" \/>\n<meta name=\"robots\" content=\"index, follow, max-snippet:-1, max-image-preview:large, max-video-preview:-1\" \/>\n<link rel=\"canonical\" href=\"https:\/\/elrincondepancho.com\/fr\/\" \/>\n<meta property=\"og:locale\" content=\"fr_FR\" \/>\n<meta property=\"og:type\" content=\"article\" \/>\n<meta property=\"og:title\" content=\"Accueil\" \/>\n<meta property=\"og:description\" content=\"D\u00e9gustez de d\u00e9licieuses tapas \u00e0 T\u00e9n\u00e9rife et des plats \u00e0 partager, parfaits pour tous les go\u00fbts, ne manquez pas les meilleures tapas !\" \/>\n<meta property=\"og:url\" content=\"https:\/\/elrincondepancho.com\/fr\/\" \/>\n<meta property=\"og:site_name\" content=\"El Rinc\u00f3n de Pancho\" \/>\n<meta property=\"article:modified_time\" content=\"2024-12-18T14:46:45+00:00\" \/>\n<meta property=\"og:image\" content=\"https:\/\/elrincondepancho.com\/wp-content\/uploads\/2021\/12\/elrincondepancho512.png\" \/>\n\t<meta property=\"og:image:width\" content=\"512\" \/>\n\t<meta property=\"og:image:height\" content=\"512\" \/>\n\t<meta property=\"og:image:type\" content=\"image\/png\" \/>\n<meta name=\"twitter:card\" content=\"summary_large_image\" \/>\n<meta name=\"twitter:label1\" content=\"Dur\u00e9e de lecture estim\u00e9e\" \/>\n\t<meta name=\"twitter:data1\" content=\"4 minutes\" \/>\n<script type=\"application\/ld+json\" class=\"yoast-schema-graph\">{\"@context\":\"https:\/\/schema.org\",\"@graph\":[{\"@type\":\"WebPage\",\"@id\":\"https:\/\/elrincondepancho.com\/fr\/\",\"url\":\"https:\/\/elrincondepancho.com\/fr\/\",\"name\":\"Plats et tapas canariens et castillans \u00e0 T\u00e9n\u00e9rife| El Rinc\u00f3n de Pancho\",\"isPartOf\":{\"@id\":\"https:\/\/elrincondepancho.com\/#website\"},\"primaryImageOfPage\":{\"@id\":\"https:\/\/elrincondepancho.com\/fr\/#primaryimage\"},\"image\":{\"@id\":\"https:\/\/elrincondepancho.com\/fr\/#primaryimage\"},\"thumbnailUrl\":\"https:\/\/elrincondepancho.com\/wp-content\/uploads\/2021\/12\/elrincondepancho512.png\",\"datePublished\":\"2021-12-17T11:20:07+00:00\",\"dateModified\":\"2024-12-18T14:46:45+00:00\",\"description\":\"D\u00e9gustez de d\u00e9licieuses tapas \u00e0 T\u00e9n\u00e9rife et des plats \u00e0 partager, parfaits pour tous les go\u00fbts, ne manquez pas les meilleures tapas !\",\"breadcrumb\":{\"@id\":\"https:\/\/elrincondepancho.com\/fr\/#breadcrumb\"},\"inLanguage\":\"fr-FR\",\"potentialAction\":[{\"@type\":\"ReadAction\",\"target\":[\"https:\/\/elrincondepancho.com\/fr\/\"]}]},{\"@type\":\"ImageObject\",\"inLanguage\":\"fr-FR\",\"@id\":\"https:\/\/elrincondepancho.com\/fr\/#primaryimage\",\"url\":\"https:\/\/elrincondepancho.com\/wp-content\/uploads\/2021\/12\/elrincondepancho512.png\",\"contentUrl\":\"https:\/\/elrincondepancho.com\/wp-content\/uploads\/2021\/12\/elrincondepancho512.png\",\"width\":512,\"height\":512,\"caption\":\"tapas en tenerife\"},{\"@type\":\"BreadcrumbList\",\"@id\":\"https:\/\/elrincondepancho.com\/fr\/#breadcrumb\",\"itemListElement\":[{\"@type\":\"ListItem\",\"position\":1,\"name\":\"Portada\",\"item\":\"https:\/\/elrincondepancho.com\/fr\/\"},{\"@type\":\"ListItem\",\"position\":2,\"name\":\"Accueil\"}]},{\"@type\":\"WebSite\",\"@id\":\"https:\/\/elrincondepancho.com\/#website\",\"url\":\"https:\/\/elrincondepancho.com\/\",\"name\":\"El Rinc\u00f3n de Pancho\",\"description\":\"Restaurante en Tenerife\",\"publisher\":{\"@id\":\"https:\/\/elrincondepancho.com\/#organization\"},\"potentialAction\":[{\"@type\":\"SearchAction\",\"target\":{\"@type\":\"EntryPoint\",\"urlTemplate\":\"https:\/\/elrincondepancho.com\/?s={search_term_string}\"},\"query-input\":{\"@type\":\"PropertyValueSpecification\",\"valueRequired\":true,\"valueName\":\"search_term_string\"}}],\"inLanguage\":\"fr-FR\"},{\"@type\":[\"Organization\",\"Place\",\"Restaurant\"],\"@id\":\"https:\/\/elrincondepancho.com\/#organization\",\"name\":\"El Rinc\u00f3n de Pancho\",\"url\":\"https:\/\/elrincondepancho.com\/\",\"logo\":{\"@id\":\"https:\/\/elrincondepancho.com\/fr\/#local-main-organization-logo\"},\"image\":{\"@id\":\"https:\/\/elrincondepancho.com\/fr\/#local-main-organization-logo\"},\"address\":{\"@id\":\"https:\/\/elrincondepancho.com\/fr\/#local-main-place-address\"},\"geo\":{\"@type\":\"GeoCoordinates\",\"latitude\":\"28.0518515\",\"longitude\":\"-16.716028817\"},\"telephone\":[\"922 78 73 93\"],\"contactPoint\":{\"@type\":\"ContactPoint\",\"telephone\":\"922 78 73 93\",\"email\":\"info@elrincondepancho.com\"},\"openingHoursSpecification\":[{\"@type\":\"OpeningHoursSpecification\",\"dayOfWeek\":[\"Monday\",\"Tuesday\",\"Wednesday\",\"Thursday\",\"Friday\",\"Saturday\",\"Sunday\"],\"opens\":\"09:00\",\"closes\":\"17:00\"}],\"email\":\"info@elrincondepancho.com\",\"areaServed\":\"Los Cristianos, Tenerife\"},{\"@type\":\"PostalAddress\",\"@id\":\"https:\/\/elrincondepancho.com\/fr\/#local-main-place-address\",\"streetAddress\":\"C. del Valle Men\u00e9ndez, 20, 38650 Los Cristianos, Santa Cruz de Tenerife\",\"addressLocality\":\"Los Cristianos\",\"postalCode\":\"38650\",\"addressRegion\":\"Santa Cruz de Tenerife\",\"addressCountry\":\"ES\"},{\"@type\":\"ImageObject\",\"inLanguage\":\"fr-FR\",\"@id\":\"https:\/\/elrincondepancho.com\/fr\/#local-main-organization-logo\",\"url\":\"https:\/\/elrincondepancho.com\/wp-content\/uploads\/2021\/12\/elrincondepancho512.png\",\"contentUrl\":\"https:\/\/elrincondepancho.com\/wp-content\/uploads\/2021\/12\/elrincondepancho512.png\",\"width\":512,\"height\":512,\"caption\":\"El Rinc\u00f3n de Pancho\"}]}<\/script>\n<meta name=\"geo.placename\" content=\"Los Cristianos\" \/>\n<meta name=\"geo.position\" content=\"28.0518515;-16.716028817\" \/>\n<meta name=\"geo.region\" content=\"Espagne\" \/>\n<!-- \/ Yoast SEO Premium plugin. -->","yoast_head_json":{"title":"Plats et tapas canariens et castillans \u00e0 T\u00e9n\u00e9rife| El Rinc\u00f3n de Pancho","description":"D\u00e9gustez de d\u00e9licieuses tapas \u00e0 T\u00e9n\u00e9rife et des plats \u00e0 partager, parfaits pour tous les go\u00fbts, ne manquez pas les meilleures tapas !","robots":{"index":"index","follow":"follow","max-snippet":"max-snippet:-1","max-image-preview":"max-image-preview:large","max-video-preview":"max-video-preview:-1"},"canonical":"https:\/\/elrincondepancho.com\/fr\/","og_locale":"fr_FR","og_type":"article","og_title":"Accueil","og_description":"D\u00e9gustez de d\u00e9licieuses tapas \u00e0 T\u00e9n\u00e9rife et des plats \u00e0 partager, parfaits pour tous les go\u00fbts, ne manquez pas les meilleures tapas !","og_url":"https:\/\/elrincondepancho.com\/fr\/","og_site_name":"El Rinc\u00f3n de Pancho","article_modified_time":"2024-12-18T14:46:45+00:00","og_image":[{"width":512,"height":512,"url":"https:\/\/elrincondepancho.com\/wp-content\/uploads\/2021\/12\/elrincondepancho512.png","type":"image\/png"}],"twitter_card":"summary_large_image","twitter_misc":{"Dur\u00e9e de lecture estim\u00e9e":"4 minutes"},"schema":{"@context":"https:\/\/schema.org","@graph":[{"@type":"WebPage","@id":"https:\/\/elrincondepancho.com\/fr\/","url":"https:\/\/elrincondepancho.com\/fr\/","name":"Plats et tapas canariens et castillans \u00e0 T\u00e9n\u00e9rife| El Rinc\u00f3n de Pancho","isPartOf":{"@id":"https:\/\/elrincondepancho.com\/#website"},"primaryImageOfPage":{"@id":"https:\/\/elrincondepancho.com\/fr\/#primaryimage"},"image":{"@id":"https:\/\/elrincondepancho.com\/fr\/#primaryimage"},"thumbnailUrl":"https:\/\/elrincondepancho.com\/wp-content\/uploads\/2021\/12\/elrincondepancho512.png","datePublished":"2021-12-17T11:20:07+00:00","dateModified":"2024-12-18T14:46:45+00:00","description":"D\u00e9gustez de d\u00e9licieuses tapas \u00e0 T\u00e9n\u00e9rife et des plats \u00e0 partager, parfaits pour tous les go\u00fbts, ne manquez pas les meilleures tapas !","breadcrumb":{"@id":"https:\/\/elrincondepancho.com\/fr\/#breadcrumb"},"inLanguage":"fr-FR","potentialAction":[{"@type":"ReadAction","target":["https:\/\/elrincondepancho.com\/fr\/"]}]},{"@type":"ImageObject","inLanguage":"fr-FR","@id":"https:\/\/elrincondepancho.com\/fr\/#primaryimage","url":"https:\/\/elrincondepancho.com\/wp-content\/uploads\/2021\/12\/elrincondepancho512.png","contentUrl":"https:\/\/elrincondepancho.com\/wp-content\/uploads\/2021\/12\/elrincondepancho512.png","width":512,"height":512,"caption":"tapas en tenerife"},{"@type":"BreadcrumbList","@id":"https:\/\/elrincondepancho.com\/fr\/#breadcrumb","itemListElement":[{"@type":"ListItem","position":1,"name":"Portada","item":"https:\/\/elrincondepancho.com\/fr\/"},{"@type":"ListItem","position":2,"name":"Accueil"}]},{"@type":"WebSite","@id":"https:\/\/elrincondepancho.com\/#website","url":"https:\/\/elrincondepancho.com\/","name":"El Rinc\u00f3n de Pancho","description":"Restaurante en Tenerife","publisher":{"@id":"https:\/\/elrincondepancho.com\/#organization"},"potentialAction":[{"@type":"SearchAction","target":{"@type":"EntryPoint","urlTemplate":"https:\/\/elrincondepancho.com\/?s={search_term_string}"},"query-input":{"@type":"PropertyValueSpecification","valueRequired":true,"valueName":"search_term_string"}}],"inLanguage":"fr-FR"},{"@type":["Organization","Place","Restaurant"],"@id":"https:\/\/elrincondepancho.com\/#organization","name":"El Rinc\u00f3n de Pancho","url":"https:\/\/elrincondepancho.com\/","logo":{"@id":"https:\/\/elrincondepancho.com\/fr\/#local-main-organization-logo"},"image":{"@id":"https:\/\/elrincondepancho.com\/fr\/#local-main-organization-logo"},"address":{"@id":"https:\/\/elrincondepancho.com\/fr\/#local-main-place-address"},"geo":{"@type":"GeoCoordinates","latitude":"28.0518515","longitude":"-16.716028817"},"telephone":["922 78 73 93"],"contactPoint":{"@type":"ContactPoint","telephone":"922 78 73 93","email":"info@elrincondepancho.com"},"openingHoursSpecification":[{"@type":"OpeningHoursSpecification","dayOfWeek":["Monday","Tuesday","Wednesday","Thursday","Friday","Saturday","Sunday"],"opens":"09:00","closes":"17:00"}],"email":"info@elrincondepancho.com","areaServed":"Los Cristianos, Tenerife"},{"@type":"PostalAddress","@id":"https:\/\/elrincondepancho.com\/fr\/#local-main-place-address","streetAddress":"C. del Valle Men\u00e9ndez, 20, 38650 Los Cristianos, Santa Cruz de Tenerife","addressLocality":"Los Cristianos","postalCode":"38650","addressRegion":"Santa Cruz de Tenerife","addressCountry":"ES"},{"@type":"ImageObject","inLanguage":"fr-FR","@id":"https:\/\/elrincondepancho.com\/fr\/#local-main-organization-logo","url":"https:\/\/elrincondepancho.com\/wp-content\/uploads\/2021\/12\/elrincondepancho512.png","contentUrl":"https:\/\/elrincondepancho.com\/wp-content\/uploads\/2021\/12\/elrincondepancho512.png","width":512,"height":512,"caption":"El Rinc\u00f3n de Pancho"}]},"geo.placename":"Los Cristianos","geo.position":{"lat":"28.0518515","long":"-16.716028817"},"geo.region":"Espagne"},"_links":{"self":[{"href":"https:\/\/elrincondepancho.com\/fr\/wp-json\/wp\/v2\/pages\/691","targetHints":{"allow":["GET"]}}],"collection":[{"href":"https:\/\/elrincondepancho.com\/fr\/wp-json\/wp\/v2\/pages"}],"about":[{"href":"https:\/\/elrincondepancho.com\/fr\/wp-json\/wp\/v2\/types\/page"}],"author":[{"embeddable":true,"href":"https:\/\/elrincondepancho.com\/fr\/wp-json\/wp\/v2\/users\/1"}],"replies":[{"embeddable":true,"href":"https:\/\/elrincondepancho.com\/fr\/wp-json\/wp\/v2\/comments?post=691"}],"version-history":[{"count":4,"href":"https:\/\/elrincondepancho.com\/fr\/wp-json\/wp\/v2\/pages\/691\/revisions"}],"predecessor-version":[{"id":1547,"href":"https:\/\/elrincondepancho.com\/fr\/wp-json\/wp\/v2\/pages\/691\/revisions\/1547"}],"wp:featuredmedia":[{"embeddable":true,"href":"https:\/\/elrincondepancho.com\/fr\/wp-json\/wp\/v2\/media\/1281"}],"wp:attachment":[{"href":"https:\/\/elrincondepancho.com\/fr\/wp-json\/wp\/v2\/media?parent=691"}],"curies":[{"name":"wp","href":"https:\/\/api.w.org\/{rel}","templated":true}]}}