{"id":688,"date":"2021-12-17T11:15:40","date_gmt":"2021-12-17T11:15:40","guid":{"rendered":"https:\/\/elrincondepancho.com\/?page_id=688"},"modified":"2025-07-15T10:12:13","modified_gmt":"2025-07-15T10:12:13","slug":"home","status":"publish","type":"page","link":"https:\/\/elrincondepancho.com\/pl\/","title":{"rendered":"Home"},"content":{"rendered":"<p>[vc_row][vc_column]<div class=\"ult-spacer spacer-69f400910cbce\" data-id=\"69f400910cbce\" data-height=\"30\" data-height-mobile=\"30\" data-height-tab=\"30\" data-height-tab-portrait=\"30\" data-height-mobile-landscape=\"30\" style=\"clear:both;display:block;\"><\/div>[vc_widget_sidebar sidebar_id=&#8221;right_sidebar&#8221; el_id=&#8221;idiomas&#8221;][\/vc_column][\/vc_row][vc_row apcore_row_stretch_opt=&#8221;stretch_row_and_content&#8221;][vc_column][apress_heading sub_title=&#8221;El Rinc\u00f3n de Pancho oferuje Pa\u0144stwu w centrum Los Cristianos r\u00f3\u017cnorodne dania kuchni kanaryjskiej i kastylijskiej w przytulnym miejscu, z przyjazn\u0105 i blisk\u0105 obs\u0142ug\u0105.&#8221; data_animation=&#8221;fadeInUp&#8221; data_delay=&#8221;300&#8243; enable_delimiter=&#8221;&#8221; style=&#8221;heading_style1&#8243; title_font_options=&#8221;tag:h2|font_size:50|line_height:60|letter_spacing:1&#8243; subtitle_font_options=&#8221;tag:div&#8221; heading_margin=&#8221;margin-bottom:30&#8243;]Niekt\u00f3re z naszych potraw[\/apress_heading]<div class=\"ult-spacer spacer-69f400910cc11\" data-id=\"69f400910cc11\" data-height=\"50\" data-height-mobile=\"50\" data-height-tab=\"50\" data-height-tab-portrait=\"50\" data-height-mobile-landscape=\"50\" style=\"clear:both;display:block;\"><\/div>[vc_masonry_media_grid element_width=&#8221;3&#8243; gap=&#8221;0&#8243; initial_loading_animation=&#8221;fadeIn&#8221; grid_id=&#8221;vc_gid:1687527909090-dfbebeb8-4482-3&#8243; include=&#8221;892,820,928,1296&#8243; el_id=&#8221;bloqueImg&#8221;][\/vc_column][\/vc_row][vc_row equal_height=&#8221;yes&#8221; content_placement=&#8221;middle&#8221; disable_element=&#8221;yes&#8221; css=&#8221;.vc_custom_1640299949768{padding-top: 70px !important;padding-bottom: 120px !important;}&#8221;][vc_column width=&#8221;1\/2&#8243;][apress_heading sub_title=&#8221;Tasca abierta abierta desde el 2014. Nuestra propuesta son unos platos en los que ponemos el m\u00e1ximo cari\u00f1o, una atenci\u00f3n personalizada y al mejor precio.&#8221; content_alignment=&#8221;left&#8221; enable_delimiter=&#8221;&#8221; style=&#8221;heading_style1&#8243; title_font_options=&#8221;tag:h2|font_size:50|line_height:60|letter_spacing:1&#8243; subtitle_font_options=&#8221;tag:div&#8221; heading_margin=&#8221;margin-bottom:30&#8243;]Tasca en el centro de Los Cristianos[\/apress_heading][\/vc_column][vc_column css_animation=&#8221;fadeInDown&#8221; width=&#8221;1\/4&#8243; css=&#8221;.vc_custom_1506076502753{margin-top: -20px !important;background-position: center !important;background-repeat: no-repeat !important;background-size: cover !important;}&#8221;][vc_single_image image=&#8221;285&#8243; img_size=&#8221;full&#8221; style=&#8221;vc_box_shadow&#8221; onclick=&#8221;link_image&#8221;][\/vc_column][vc_column css_animation=&#8221;fadeInUp&#8221; width=&#8221;1\/4&#8243; css=&#8221;.vc_custom_1506076509962{margin-bottom: -20px !important;background-position: center !important;background-repeat: no-repeat !important;background-size: cover !important;}&#8221;][vc_single_image image=&#8221;293&#8243; img_size=&#8221;full&#8221; style=&#8221;vc_box_shadow&#8221; onclick=&#8221;link_image&#8221;][\/vc_column][\/vc_row][vc_row equal_height=&#8221;yes&#8221; content_placement=&#8221;middle&#8221; bg_type=&#8221;image&#8221; parallax_style=&#8221;vcpb-vz-jquery&#8221; bg_image_new=&#8221;id^1023|url^https:\/\/elrincondepancho.com\/wp-content\/uploads\/2021\/12\/imagen.jpg|caption^null|alt^null|title^imagen|description^null&#8221; bg_image_repeat=&#8221;no-repeat&#8221; bg_override=&#8221;ex-full&#8221; css=&#8221;.vc_custom_1640299935386{padding-top: 100px !important;padding-bottom: 0px !important;}&#8221;][vc_column width=&#8221;1\/2&#8243;]<div class=\"ult-spacer spacer-69f400910cc3e\" data-id=\"69f400910cc3e\" data-height=\"150\" data-height-mobile=\"50\" data-height-tab=\"50\" data-height-tab-portrait=\"50\" data-height-mobile-landscape=\"50\" style=\"clear:both;display:block;\"><\/div>[apress_heading sub_title=&#8221;Uczciwe i smaczne dania na ka\u017cdy gust. Pomo\u017cemy Ci wybra\u0107 spo\u015br\u00f3d r\u00f3\u017cnych da\u0144 z menu te, kt\u00f3re najbardziej Ci smakuj\u0105. Nie zadowalaj si\u0119 tylko jednym daniem, tapas i dania do dzielenia si\u0119 s\u0105 najlepszym wyborem!&#8221; content_alignment=&#8221;left&#8221; data_animation=&#8221;fadeInUp&#8221; data_delay=&#8221;300&#8243; enable_delimiter=&#8221;&#8221; style=&#8221;heading_style1&#8243; title_font_options=&#8221;tag:h2|font_size:50|line_height:60|letter_spacing:1&#8243; subtitle_font_options=&#8221;tag:div|color:%23ffffff&#8221; heading_margin=&#8221;margin-bottom:30&#8243;]Nasze motto: najlepsza jako\u015b\u0107 za najlepsz\u0105 cen\u0119.[\/apress_heading]<div class=\"ult-spacer spacer-69f400910cc64\" data-id=\"69f400910cc64\" data-height=\"150\" data-height-mobile=\"0\" data-height-tab=\"50\" data-height-tab-portrait=\"0\" data-height-mobile-landscape=\"0\" style=\"clear:both;display:block;\"><\/div>[\/vc_column][vc_column width=&#8221;1\/2&#8243; css=&#8221;.vc_custom_1506078330389{margin-bottom: 0px !important;padding-bottom: 0px !important;}&#8221;]<div class=\"ult-spacer spacer-69f400910cc89\" data-id=\"69f400910cc89\" data-height=\"150\" data-height-mobile=\"50\" data-height-tab=\"50\" data-height-tab-portrait=\"50\" data-height-mobile-landscape=\"50\" style=\"clear:both;display:block;\"><\/div>[apress_button button_text=&#8221;ZOBACZ NASZE MENU&#8221; button_size=&#8221;medium&#8221; button_alignment=&#8221;center&#8221; button_shape=&#8221;square&#8221; button_link=&#8221;url:https%3A%2F%2Felrincondepancho.com%2Fpl%2Fmenu%2F|title:Menu&#8221;]<div class=\"ult-spacer spacer-69f400910ccab\" data-id=\"69f400910ccab\" data-height=\"150\" data-height-mobile=\"50\" data-height-tab=\"50\" data-height-tab-portrait=\"50\" data-height-mobile-landscape=\"50\" style=\"clear:both;display:block;\"><\/div>[\/vc_column][\/vc_row][vc_row][vc_column]<div class=\"ult-spacer spacer-69f400910cccd\" data-id=\"69f400910cccd\" data-height=\"150\" data-height-mobile=\"50\" data-height-tab=\"50\" data-height-tab-portrait=\"50\" data-height-mobile-landscape=\"50\" style=\"clear:both;display:block;\"><\/div>[apress_heading sub_title=&#8221;Rodzinny biznes otwarty od pa\u017adziernika 2014 roku, gdzie obs\u0142uga jest podstawow\u0105 cz\u0119\u015bci\u0105 do\u015bwiadczenia. Ca\u0142y zesp\u00f3\u0142 dok\u0142ada maksimum stara\u0144 i profesjonalizmu, aby Pa\u0144stwa wizyta by\u0142a wyj\u0105tkowa.&#8221; data_animation=&#8221;fadeInUp&#8221; data_delay=&#8221;300&#8243; enable_delimiter=&#8221;&#8221; style=&#8221;heading_style1&#8243; title_font_options=&#8221;tag:h2|font_size:50|line_height:60|letter_spacing:1&#8243; subtitle_font_options=&#8221;tag:div&#8221; heading_margin=&#8221;margin-bottom:30&#8243;]Firma rodzinna[\/apress_heading]<div class=\"ult-spacer spacer-69f400910ccee\" data-id=\"69f400910ccee\" data-height=\"20\" data-height-mobile=\"20\" data-height-tab=\"20\" data-height-tab-portrait=\"20\" data-height-mobile-landscape=\"20\" style=\"clear:both;display:block;\"><\/div>[vc_single_image image=&#8221;1264&#8243; img_size=&#8221;450x450px&#8221; alignment=&#8221;center&#8221;][\/vc_column][\/vc_row][vc_row el_id=&#8221;contacto&#8221;][vc_column]<div class=\"ult-spacer spacer-69f400910cd0d\" data-id=\"69f400910cd0d\" data-height=\"150\" data-height-mobile=\"50\" data-height-tab=\"50\" data-height-tab-portrait=\"50\" data-height-mobile-landscape=\"50\" style=\"clear:both;display:block;\"><\/div>[apress_heading sub_title=&#8221;Skontaktuj si\u0119 z nami przez telefon, e-mail, sieci spo\u0142eczno\u015bciowe lub odwied\u017a nas.&#8221; data_animation=&#8221;fadeInUp&#8221; data_delay=&#8221;300&#8243; enable_delimiter=&#8221;&#8221; style=&#8221;heading_style1&#8243; title_font_options=&#8221;tag:h2|font_size:50|line_height:60|letter_spacing:1&#8243; subtitle_font_options=&#8221;tag:div&#8221; heading_margin=&#8221;margin-bottom:30&#8243;]Kontakt \/ Rezerwacja[\/apress_heading]<div class=\"ult-spacer spacer-69f400910cd2d\" data-id=\"69f400910cd2d\" data-height=\"50\" data-height-mobile=\"50\" data-height-tab=\"50\" data-height-tab-portrait=\"50\" data-height-mobile-landscape=\"50\" style=\"clear:both;display:block;\"><\/div>[vc_row_inner][vc_column_inner width=&#8221;1\/4&#8243;][vc_icon icon_fontawesome=&#8221;fas fa-phone&#8221; color=&#8221;custom&#8221; size=&#8221;lg&#8221; align=&#8221;center&#8221; custom_color=&#8221;#000000&#8243; link=&#8221;url:tel%3A%2B34922787393&#8243;][vc_column_text]<\/p>\n<p style=\"text-align: center;\"><a style=\"font-size: 28px;\" href=\"tel:+34922787393\">922 78 73 93<\/a><\/p>\n<p>[\/vc_column_text][vc_column_text]<\/p>\n<p style=\"text-align: center;\"><strong>Rezerwacja w godzinach od 13:00 do 22:30 od wtorku do soboty.<\/strong><\/p>\n<p>[\/vc_column_text][\/vc_column_inner][vc_column_inner width=&#8221;1\/4&#8243;][vc_icon icon_fontawesome=&#8221;fas fa-map-marked-alt&#8221; color=&#8221;custom&#8221; size=&#8221;lg&#8221; align=&#8221;center&#8221; custom_color=&#8221;#000000&#8243; link=&#8221;url:https%3A%2F%2Fwww.google.com%2Fmaps%2Fdir%2F%2FC.%2Bdel%2BValle%2BMen%25C3%25A9ndez%2C%2B20%2C%2B38650%2BLos%2BCristianos%2C%2BSanta%2BCruz%2Bde%2BTenerife%2F%4028.0518275%2C-16.7183965%2C17z%2Fdata%3D!4m8!4m7!1m0!1m5!1m1!1s0xc6a982c9496aaab%3A0x47ce9d079c156949!2m2!1d-16.7162078!2d28.0518228&#8243;][vc_column_text]<\/p>\n<p class=\"zolo_gradient_icon_title\" style=\"text-align: center;\"><a href=\"https:\/\/www.google.com\/maps\/dir\/\/C.+del+Valle+Men%C3%A9ndez,+20,+38650+Los+Cristianos,+Santa+Cruz+de+Tenerife\/@28.0518275,-16.7183965,17z\/data=!4m8!4m7!1m0!1m5!1m1!1s0xc6a982c9496aaab:0x47ce9d079c156949!2m2!1d-16.7162078!2d28.0518228\" target=\"_blank\" rel=\"noopener\">C. del Valle Men\u00e9ndez, 20, 38650 Los Cristianos, Santa Cruz de Tenerife<\/a><\/p>\n<p>[\/vc_column_text][\/vc_column_inner][vc_column_inner width=&#8221;1\/4&#8243;][vc_icon icon_fontawesome=&#8221;far fa-envelope&#8221; color=&#8221;custom&#8221; size=&#8221;lg&#8221; align=&#8221;center&#8221; custom_color=&#8221;#000000&#8243; link=&#8221;url:mailto%3Ainfo%40elrincondepancho.com&#8221;][vc_column_text]<\/p>\n<p class=\"zolo_gradient_icon_title\" style=\"text-align: center;\"><a href=\"mailto:info@elrincondepancho.com\" target=\"_blank\" rel=\"noopener\">info@elrincondepancho.com<\/a><\/p>\n<p style=\"text-align: center;\"><small><em><strong>Rezerwacje drog\u0105 mailow\u0105 musz\u0105 by\u0107 dokonywane z 24-godzinnym wyprzedzeniem.<\/strong><\/em><\/small><\/p>\n<p>[\/vc_column_text][\/vc_column_inner][vc_column_inner width=&#8221;1\/4&#8243;][vc_icon icon_fontawesome=&#8221;fab fa-facebook&#8221; color=&#8221;custom&#8221; size=&#8221;lg&#8221; align=&#8221;center&#8221; custom_color=&#8221;#000000&#8243; link=&#8221;url:https%3A%2F%2Fwww.facebook.com%2FTascaElRinconDePancho|target:_blank&#8221; el_class=&#8221;socialHome&#8221;][vc_icon icon_fontawesome=&#8221;fab fa-instagram&#8221; color=&#8221;custom&#8221; size=&#8221;lg&#8221; align=&#8221;center&#8221; custom_color=&#8221;#000000&#8243; link=&#8221;url:https%3A%2F%2Fwww.instagram.com%2Ftascaelrincondepancho%2F|target:_blank&#8221; el_class=&#8221;socialHome&#8221;][vc_icon icon_fontawesome=&#8221;far fa-comment-dots&#8221; color=&#8221;custom&#8221; size=&#8221;lg&#8221; align=&#8221;center&#8221; custom_color=&#8221;#000000&#8243; link=&#8221;url:https%3A%2F%2Fmsng.link%2Fo%2F%3FTascaElRinconDePancho%3Dfm|target:_blank&#8221; el_class=&#8221;socialHome&#8221;][vc_column_text]<\/p>\n<p style=\"text-align: center;\"><a href=\"#\">\u015aled\u017a nas na mediach spo\u0142eczno\u015bciowych!<\/a><\/p>\n<p>[\/vc_column_text][\/vc_column_inner][\/vc_row_inner]<div class=\"ult-spacer spacer-69f400910cd4b\" data-id=\"69f400910cd4b\" data-height=\"150\" data-height-mobile=\"50\" data-height-tab=\"50\" data-height-tab-portrait=\"50\" data-height-mobile-landscape=\"50\" style=\"clear:both;display:block;\"><\/div>[\/vc_column][\/vc_row][vc_row apcore_row_stretch_opt=&#8221;stretch_row_and_content&#8221;][vc_column][vc_raw_html]JTNDaWZyYW1lJTIwc3JjJTNEJTIyaHR0cHMlM0ElMkYlMkZ3d3cuZ29vZ2xlLmNvbSUyRm1hcHMlMkZlbWJlZCUzRnBiJTNEJTIxMW0xNCUyMTFtOCUyMTFtMyUyMTFkMTQwODQuNDE1NjY4MDAwNDAzJTIxMmQtMTYuNzE2MDI4OCUyMTNkMjguMDUxODUxNSUyMTNtMiUyMTFpMTAyNCUyMTJpNzY4JTIxNGYxMy4xJTIxM20zJTIxMW0yJTIxMXMweDAlMjUzQTB4Y2ZlOTJkOWFjOWI1NmFkMiUyMTJzRWwlMjUyMFJpbmMlMjVDMyUyNUIzbiUyNTIwZGUlMjUyMFBhbmNobyUyMTVlMCUyMTNtMiUyMTFzZXMlMjEyc2VzJTIxNHYxNjM5NTcwMDM1MDg1JTIxNW0yJTIxMXNlcyUyMTJzZXMlMjIlMjB3aWR0aCUzRCUyMjEwMCUyNSUyMiUyMGhlaWdodCUzRCUyMjM1MCUyMiUyMHN0eWxlJTNEJTIyYm9yZGVyJTNBMCUzQiUyMiUyMGFsbG93ZnVsbHNjcmVlbiUzRCUyMiUyMiUyMGxvYWRpbmclM0QlMjJsYXp5JTIyJTNFJTNDJTJGaWZyYW1lJTNF[\/vc_raw_html][\/vc_column][\/vc_row][vc_row apcore_row_stretch_opt=&#8221;stretch_row_and_content&#8221;][vc_column]<div class=\"ult-spacer spacer-69f400910cd69\" data-id=\"69f400910cd69\" data-height=\"150\" data-height-mobile=\"50\" data-height-tab=\"50\" data-height-tab-portrait=\"50\" data-height-mobile-landscape=\"50\" style=\"clear:both;display:block;\"><\/div>[apress_heading sub_title=&#8221;@tascaelrincondepancho&#8221; data_animation=&#8221;fadeInUp&#8221; data_delay=&#8221;300&#8243; delimiter_line_height=&#8221;3&#8243; delimiter_line_width=&#8221;80&#8243; style=&#8221;heading_style1&#8243; title_font_options=&#8221;tag:h2|font_size:50|line_height:60|letter_spacing:1&#8243; subtitle_font_options=&#8221;tag:div&#8221; heading_margin=&#8221;margin-bottom:30&#8243;]\u015aled\u017a nas na Instagramie[\/apress_heading]<div class=\"ult-spacer spacer-69f400910cd85\" data-id=\"69f400910cd85\" data-height=\"50\" data-height-mobile=\"50\" data-height-tab=\"50\" data-height-tab-portrait=\"50\" data-height-mobile-landscape=\"50\" style=\"clear:both;display:block;\"><\/div>[vc_raw_html]JTVCaW5zdGFncmFtLWZlZWQlMjBmZWVkJTNEMiU1RA==[\/vc_raw_html][\/vc_column][\/vc_row]<\/p>\n","protected":false},"excerpt":{"rendered":"<p>[vc_row][vc_column][vc_widget_sidebar sidebar_id=&#8221;right_sidebar&#8221; el_id=&#8221;idiomas&#8221;][\/vc_column][\/vc_row][vc_row apcore_row_stretch_opt=&#8221;stretch_row_and_content&#8221;][vc_column][apress_heading sub_title=&#8221;El Rinc\u00f3n de Pancho oferuje Pa\u0144stwu w centrum Los Cristianos r\u00f3\u017cnorodne dania kuchni kanaryjskiej i kastylijskiej w przytulnym miejscu, z przyjazn\u0105 i blisk\u0105 obs\u0142ug\u0105.&#8221; data_animation=&#8221;fadeInUp&#8221; data_delay=&#8221;300&#8243; enable_delimiter=&#8221;&#8221; style=&#8221;heading_style1&#8243; title_font_options=&#8221;tag:h2|font_size:50|line_height:60|letter_spacing:1&#8243; subtitle_font_options=&#8221;tag:div&#8221; heading_margin=&#8221;margin-bottom:30&#8243;]Niekt\u00f3re z naszych potraw[\/apress_heading][vc_masonry_media_grid element_width=&#8221;3&#8243; gap=&#8221;0&#8243;<span class=\"read_more_area\"><a class=\"read-more\" href=\"https:\/\/elrincondepancho.com\/pl\/\"> Continue Reading <\/a><\/span><\/p>\n","protected":false},"author":1,"featured_media":1279,"parent":0,"menu_order":0,"comment_status":"closed","ping_status":"open","template":"template-fullwidth-page.php","meta":{"footnotes":""},"class_list":["post-688","page","type-page","status-publish","has-post-thumbnail","hentry"],"yoast_head":"<!-- This site is optimized with the Yoast SEO Premium plugin v26.2 (Yoast SEO v26.2) - https:\/\/yoast.com\/wordpress\/plugins\/seo\/ -->\n<title>Platos Canariosy Tapas en Tenerife | El Rinc\u00f3n de Pancho<\/title>\n<meta name=\"description\" content=\"Ciesz si\u0119 pysznymi tapas na Teneryfie i daniami do dzielenia si\u0119, idealnymi dla wszystkich smak\u00f3w. Nie przegap najlepszych tapas!\" \/>\n<meta name=\"robots\" content=\"index, follow, max-snippet:-1, max-image-preview:large, max-video-preview:-1\" \/>\n<link rel=\"canonical\" href=\"https:\/\/elrincondepancho.com\/pl\/\" \/>\n<meta property=\"og:locale\" content=\"pl_PL\" \/>\n<meta property=\"og:type\" content=\"article\" \/>\n<meta property=\"og:title\" content=\"Home\" \/>\n<meta property=\"og:description\" content=\"Ciesz si\u0119 pysznymi tapas na Teneryfie i daniami do dzielenia si\u0119, idealnymi dla wszystkich smak\u00f3w. Nie przegap najlepszych tapas!\" \/>\n<meta property=\"og:url\" content=\"https:\/\/elrincondepancho.com\/pl\/\" \/>\n<meta property=\"og:site_name\" content=\"El Rinc\u00f3n de Pancho\" \/>\n<meta property=\"article:modified_time\" content=\"2025-07-15T10:12:13+00:00\" \/>\n<meta property=\"og:image\" content=\"https:\/\/elrincondepancho.com\/wp-content\/uploads\/2021\/12\/elrincondepancho512.png\" \/>\n\t<meta property=\"og:image:width\" content=\"512\" \/>\n\t<meta property=\"og:image:height\" content=\"512\" \/>\n\t<meta property=\"og:image:type\" content=\"image\/png\" \/>\n<meta name=\"twitter:card\" content=\"summary_large_image\" \/>\n<meta name=\"twitter:label1\" content=\"Szacowany czas czytania\" \/>\n\t<meta name=\"twitter:data1\" content=\"4 minuty\" \/>\n<script type=\"application\/ld+json\" class=\"yoast-schema-graph\">{\"@context\":\"https:\/\/schema.org\",\"@graph\":[{\"@type\":\"WebPage\",\"@id\":\"https:\/\/elrincondepancho.com\/pl\/\",\"url\":\"https:\/\/elrincondepancho.com\/pl\/\",\"name\":\"Platos Canariosy Tapas en Tenerife | El Rinc\u00f3n de Pancho\",\"isPartOf\":{\"@id\":\"https:\/\/elrincondepancho.com\/#website\"},\"primaryImageOfPage\":{\"@id\":\"https:\/\/elrincondepancho.com\/pl\/#primaryimage\"},\"image\":{\"@id\":\"https:\/\/elrincondepancho.com\/pl\/#primaryimage\"},\"thumbnailUrl\":\"https:\/\/elrincondepancho.com\/wp-content\/uploads\/2021\/12\/elrincondepancho512.png\",\"datePublished\":\"2021-12-17T11:15:40+00:00\",\"dateModified\":\"2025-07-15T10:12:13+00:00\",\"description\":\"Ciesz si\u0119 pysznymi tapas na Teneryfie i daniami do dzielenia si\u0119, idealnymi dla wszystkich smak\u00f3w. Nie przegap najlepszych tapas!\",\"breadcrumb\":{\"@id\":\"https:\/\/elrincondepancho.com\/pl\/#breadcrumb\"},\"inLanguage\":\"pl-PL\",\"potentialAction\":[{\"@type\":\"ReadAction\",\"target\":[\"https:\/\/elrincondepancho.com\/pl\/\"]}]},{\"@type\":\"ImageObject\",\"inLanguage\":\"pl-PL\",\"@id\":\"https:\/\/elrincondepancho.com\/pl\/#primaryimage\",\"url\":\"https:\/\/elrincondepancho.com\/wp-content\/uploads\/2021\/12\/elrincondepancho512.png\",\"contentUrl\":\"https:\/\/elrincondepancho.com\/wp-content\/uploads\/2021\/12\/elrincondepancho512.png\",\"width\":512,\"height\":512},{\"@type\":\"BreadcrumbList\",\"@id\":\"https:\/\/elrincondepancho.com\/pl\/#breadcrumb\",\"itemListElement\":[{\"@type\":\"ListItem\",\"position\":1,\"name\":\"Portada\",\"item\":\"https:\/\/elrincondepancho.com\/pl\/\"},{\"@type\":\"ListItem\",\"position\":2,\"name\":\"Home\"}]},{\"@type\":\"WebSite\",\"@id\":\"https:\/\/elrincondepancho.com\/#website\",\"url\":\"https:\/\/elrincondepancho.com\/\",\"name\":\"El Rinc\u00f3n de Pancho\",\"description\":\"Restaurante en Tenerife\",\"publisher\":{\"@id\":\"https:\/\/elrincondepancho.com\/#organization\"},\"potentialAction\":[{\"@type\":\"SearchAction\",\"target\":{\"@type\":\"EntryPoint\",\"urlTemplate\":\"https:\/\/elrincondepancho.com\/?s={search_term_string}\"},\"query-input\":{\"@type\":\"PropertyValueSpecification\",\"valueRequired\":true,\"valueName\":\"search_term_string\"}}],\"inLanguage\":\"pl-PL\"},{\"@type\":[\"Organization\",\"Place\",\"Restaurant\"],\"@id\":\"https:\/\/elrincondepancho.com\/#organization\",\"name\":\"El Rinc\u00f3n de Pancho\",\"url\":\"https:\/\/elrincondepancho.com\/\",\"logo\":{\"@id\":\"https:\/\/elrincondepancho.com\/pl\/#local-main-organization-logo\"},\"image\":{\"@id\":\"https:\/\/elrincondepancho.com\/pl\/#local-main-organization-logo\"},\"address\":{\"@id\":\"https:\/\/elrincondepancho.com\/pl\/#local-main-place-address\"},\"geo\":{\"@type\":\"GeoCoordinates\",\"latitude\":\"28.0518515\",\"longitude\":\"-16.716028817\"},\"telephone\":[\"922 78 73 93\"],\"contactPoint\":{\"@type\":\"ContactPoint\",\"telephone\":\"922 78 73 93\",\"email\":\"info@elrincondepancho.com\"},\"openingHoursSpecification\":[{\"@type\":\"OpeningHoursSpecification\",\"dayOfWeek\":[\"Monday\",\"Tuesday\",\"Wednesday\",\"Thursday\",\"Friday\",\"Saturday\",\"Sunday\"],\"opens\":\"09:00\",\"closes\":\"17:00\"}],\"email\":\"info@elrincondepancho.com\",\"areaServed\":\"Los Cristianos, Tenerife\"},{\"@type\":\"PostalAddress\",\"@id\":\"https:\/\/elrincondepancho.com\/pl\/#local-main-place-address\",\"streetAddress\":\"C. del Valle Men\u00e9ndez, 20, 38650 Los Cristianos, Santa Cruz de Tenerife\",\"addressLocality\":\"Los Cristianos\",\"postalCode\":\"38650\",\"addressRegion\":\"Santa Cruz de Tenerife\",\"addressCountry\":\"ES\"},{\"@type\":\"ImageObject\",\"inLanguage\":\"pl-PL\",\"@id\":\"https:\/\/elrincondepancho.com\/pl\/#local-main-organization-logo\",\"url\":\"https:\/\/elrincondepancho.com\/wp-content\/uploads\/2021\/12\/elrincondepancho512.png\",\"contentUrl\":\"https:\/\/elrincondepancho.com\/wp-content\/uploads\/2021\/12\/elrincondepancho512.png\",\"width\":512,\"height\":512,\"caption\":\"El Rinc\u00f3n de Pancho\"}]}<\/script>\n<meta name=\"geo.placename\" content=\"Los Cristianos\" \/>\n<meta name=\"geo.position\" content=\"28.0518515;-16.716028817\" \/>\n<meta name=\"geo.region\" content=\"Hiszpania\" \/>\n<!-- \/ Yoast SEO Premium plugin. -->","yoast_head_json":{"title":"Platos Canariosy Tapas en Tenerife | El Rinc\u00f3n de Pancho","description":"Ciesz si\u0119 pysznymi tapas na Teneryfie i daniami do dzielenia si\u0119, idealnymi dla wszystkich smak\u00f3w. Nie przegap najlepszych tapas!","robots":{"index":"index","follow":"follow","max-snippet":"max-snippet:-1","max-image-preview":"max-image-preview:large","max-video-preview":"max-video-preview:-1"},"canonical":"https:\/\/elrincondepancho.com\/pl\/","og_locale":"pl_PL","og_type":"article","og_title":"Home","og_description":"Ciesz si\u0119 pysznymi tapas na Teneryfie i daniami do dzielenia si\u0119, idealnymi dla wszystkich smak\u00f3w. Nie przegap najlepszych tapas!","og_url":"https:\/\/elrincondepancho.com\/pl\/","og_site_name":"El Rinc\u00f3n de Pancho","article_modified_time":"2025-07-15T10:12:13+00:00","og_image":[{"width":512,"height":512,"url":"https:\/\/elrincondepancho.com\/wp-content\/uploads\/2021\/12\/elrincondepancho512.png","type":"image\/png"}],"twitter_card":"summary_large_image","twitter_misc":{"Szacowany czas czytania":"4 minuty"},"schema":{"@context":"https:\/\/schema.org","@graph":[{"@type":"WebPage","@id":"https:\/\/elrincondepancho.com\/pl\/","url":"https:\/\/elrincondepancho.com\/pl\/","name":"Platos Canariosy Tapas en Tenerife | El Rinc\u00f3n de Pancho","isPartOf":{"@id":"https:\/\/elrincondepancho.com\/#website"},"primaryImageOfPage":{"@id":"https:\/\/elrincondepancho.com\/pl\/#primaryimage"},"image":{"@id":"https:\/\/elrincondepancho.com\/pl\/#primaryimage"},"thumbnailUrl":"https:\/\/elrincondepancho.com\/wp-content\/uploads\/2021\/12\/elrincondepancho512.png","datePublished":"2021-12-17T11:15:40+00:00","dateModified":"2025-07-15T10:12:13+00:00","description":"Ciesz si\u0119 pysznymi tapas na Teneryfie i daniami do dzielenia si\u0119, idealnymi dla wszystkich smak\u00f3w. Nie przegap najlepszych tapas!","breadcrumb":{"@id":"https:\/\/elrincondepancho.com\/pl\/#breadcrumb"},"inLanguage":"pl-PL","potentialAction":[{"@type":"ReadAction","target":["https:\/\/elrincondepancho.com\/pl\/"]}]},{"@type":"ImageObject","inLanguage":"pl-PL","@id":"https:\/\/elrincondepancho.com\/pl\/#primaryimage","url":"https:\/\/elrincondepancho.com\/wp-content\/uploads\/2021\/12\/elrincondepancho512.png","contentUrl":"https:\/\/elrincondepancho.com\/wp-content\/uploads\/2021\/12\/elrincondepancho512.png","width":512,"height":512},{"@type":"BreadcrumbList","@id":"https:\/\/elrincondepancho.com\/pl\/#breadcrumb","itemListElement":[{"@type":"ListItem","position":1,"name":"Portada","item":"https:\/\/elrincondepancho.com\/pl\/"},{"@type":"ListItem","position":2,"name":"Home"}]},{"@type":"WebSite","@id":"https:\/\/elrincondepancho.com\/#website","url":"https:\/\/elrincondepancho.com\/","name":"El Rinc\u00f3n de Pancho","description":"Restaurante en Tenerife","publisher":{"@id":"https:\/\/elrincondepancho.com\/#organization"},"potentialAction":[{"@type":"SearchAction","target":{"@type":"EntryPoint","urlTemplate":"https:\/\/elrincondepancho.com\/?s={search_term_string}"},"query-input":{"@type":"PropertyValueSpecification","valueRequired":true,"valueName":"search_term_string"}}],"inLanguage":"pl-PL"},{"@type":["Organization","Place","Restaurant"],"@id":"https:\/\/elrincondepancho.com\/#organization","name":"El Rinc\u00f3n de Pancho","url":"https:\/\/elrincondepancho.com\/","logo":{"@id":"https:\/\/elrincondepancho.com\/pl\/#local-main-organization-logo"},"image":{"@id":"https:\/\/elrincondepancho.com\/pl\/#local-main-organization-logo"},"address":{"@id":"https:\/\/elrincondepancho.com\/pl\/#local-main-place-address"},"geo":{"@type":"GeoCoordinates","latitude":"28.0518515","longitude":"-16.716028817"},"telephone":["922 78 73 93"],"contactPoint":{"@type":"ContactPoint","telephone":"922 78 73 93","email":"info@elrincondepancho.com"},"openingHoursSpecification":[{"@type":"OpeningHoursSpecification","dayOfWeek":["Monday","Tuesday","Wednesday","Thursday","Friday","Saturday","Sunday"],"opens":"09:00","closes":"17:00"}],"email":"info@elrincondepancho.com","areaServed":"Los Cristianos, Tenerife"},{"@type":"PostalAddress","@id":"https:\/\/elrincondepancho.com\/pl\/#local-main-place-address","streetAddress":"C. del Valle Men\u00e9ndez, 20, 38650 Los Cristianos, Santa Cruz de Tenerife","addressLocality":"Los Cristianos","postalCode":"38650","addressRegion":"Santa Cruz de Tenerife","addressCountry":"ES"},{"@type":"ImageObject","inLanguage":"pl-PL","@id":"https:\/\/elrincondepancho.com\/pl\/#local-main-organization-logo","url":"https:\/\/elrincondepancho.com\/wp-content\/uploads\/2021\/12\/elrincondepancho512.png","contentUrl":"https:\/\/elrincondepancho.com\/wp-content\/uploads\/2021\/12\/elrincondepancho512.png","width":512,"height":512,"caption":"El Rinc\u00f3n de Pancho"}]},"geo.placename":"Los Cristianos","geo.position":{"lat":"28.0518515","long":"-16.716028817"},"geo.region":"Hiszpania"},"_links":{"self":[{"href":"https:\/\/elrincondepancho.com\/pl\/wp-json\/wp\/v2\/pages\/688","targetHints":{"allow":["GET"]}}],"collection":[{"href":"https:\/\/elrincondepancho.com\/pl\/wp-json\/wp\/v2\/pages"}],"about":[{"href":"https:\/\/elrincondepancho.com\/pl\/wp-json\/wp\/v2\/types\/page"}],"author":[{"embeddable":true,"href":"https:\/\/elrincondepancho.com\/pl\/wp-json\/wp\/v2\/users\/1"}],"replies":[{"embeddable":true,"href":"https:\/\/elrincondepancho.com\/pl\/wp-json\/wp\/v2\/comments?post=688"}],"version-history":[{"count":1,"href":"https:\/\/elrincondepancho.com\/pl\/wp-json\/wp\/v2\/pages\/688\/revisions"}],"predecessor-version":[{"id":1401,"href":"https:\/\/elrincondepancho.com\/pl\/wp-json\/wp\/v2\/pages\/688\/revisions\/1401"}],"wp:featuredmedia":[{"embeddable":true,"href":"https:\/\/elrincondepancho.com\/pl\/wp-json\/wp\/v2\/media\/1279"}],"wp:attachment":[{"href":"https:\/\/elrincondepancho.com\/pl\/wp-json\/wp\/v2\/media?parent=688"}],"curies":[{"name":"wp","href":"https:\/\/api.w.org\/{rel}","templated":true}]}}